{"id":2981,"date":"2022-06-07T13:26:05","date_gmt":"2022-06-07T13:26:05","guid":{"rendered":"https:\/\/fedebiocombustibles.com\/?page_id=2981"},"modified":"2022-08-29T21:05:04","modified_gmt":"2022-08-29T21:05:04","slug":"resumen-comunicados","status":"publish","type":"page","link":"https:\/\/fedebiocombustibles.com\/en\/resumen-comunicados\/","title":{"rendered":"Resumen Comunicados"},"content":{"rendered":"<div data-elementor-type=\"wp-page\" data-elementor-id=\"2981\" class=\"elementor elementor-2981\" data-elementor-post-type=\"page\">\n\t\t\t\t\t\t<section class=\"elementor-section elementor-top-section elementor-element elementor-element-b206904 elementor-section-full_width elementor-section-height-default elementor-section-height-default\" data-id=\"b206904\" data-element_type=\"section\" data-e-type=\"section\">\n\t\t\t\t\t\t<div class=\"elementor-container elementor-column-gap-default\">\n\t\t\t\t\t<div class=\"elementor-column elementor-col-20 elementor-top-column elementor-element elementor-element-3c63c63\" data-id=\"3c63c63\" data-element_type=\"column\" data-e-type=\"column\">\n\t\t\t<div class=\"elementor-widget-wrap\">\n\t\t\t\t\t\t\t<\/div>\n\t\t<\/div>\n\t\t\t\t<div class=\"elementor-column elementor-col-20 elementor-top-column elementor-element elementor-element-49f2298\" data-id=\"49f2298\" data-element_type=\"column\" data-e-type=\"column\">\n\t\t\t<div class=\"elementor-widget-wrap elementor-element-populated\">\n\t\t\t\t\t\t<div class=\"elementor-element elementor-element-fd6f771 elementor-widget elementor-widget-image\" data-id=\"fd6f771\" data-element_type=\"widget\" data-e-type=\"widget\" data-widget_type=\"image.default\">\n\t\t\t\t<div class=\"elementor-widget-container\">\n\t\t\t\t\t\t\t\t\t\t\t\t\t\t\t<img fetchpriority=\"high\" decoding=\"async\" width=\"1600\" height=\"1200\" src=\"https:\/\/fedebiocombustibles.com\/wp-content\/uploads\/2022\/08\/Carlos-Grateron.jpeg\" class=\"elementor-animation-grow attachment-full size-full wp-image-3376\" alt=\"\" srcset=\"https:\/\/fedebiocombustibles.com\/wp-content\/uploads\/2022\/08\/Carlos-Grateron.jpeg 1600w, https:\/\/fedebiocombustibles.com\/wp-content\/uploads\/2022\/08\/Carlos-Grateron-300x225.jpeg 300w, https:\/\/fedebiocombustibles.com\/wp-content\/uploads\/2022\/08\/Carlos-Grateron-1024x768.jpeg 1024w, https:\/\/fedebiocombustibles.com\/wp-content\/uploads\/2022\/08\/Carlos-Grateron-768x576.jpeg 768w, https:\/\/fedebiocombustibles.com\/wp-content\/uploads\/2022\/08\/Carlos-Grateron-1536x1152.jpeg 1536w\" sizes=\"(max-width: 1600px) 100vw, 1600px\" \/>\t\t\t\t\t\t\t\t\t\t\t\t\t\t\t<\/div>\n\t\t\t\t<\/div>\n\t\t\t\t<div class=\"elementor-element elementor-element-0007f94 elementor-widget elementor-widget-heading\" data-id=\"0007f94\" data-element_type=\"widget\" data-e-type=\"widget\" data-widget_type=\"heading.default\">\n\t\t\t\t<div class=\"elementor-widget-container\">\n\t\t\t\t\t<h2 class=\"elementor-heading-title elementor-size-default\">COMUNICADOS<\/h2>\t\t\t\t<\/div>\n\t\t\t\t<\/div>\n\t\t\t\t<div class=\"elementor-element elementor-element-8c425af elementor-widget elementor-widget-heading\" data-id=\"8c425af\" data-element_type=\"widget\" data-e-type=\"widget\" data-widget_type=\"heading.default\">\n\t\t\t\t<div class=\"elementor-widget-container\">\n\t\t\t\t\t<h2 class=\"elementor-heading-title elementor-size-default\">Demanda de biocombustibles en Colombia cierra el primer semestre de 2022 en positivo<\/h2>\t\t\t\t<\/div>\n\t\t\t\t<\/div>\n\t\t\t\t<div class=\"elementor-element elementor-element-cf52a4c elementor-widget elementor-widget-text-editor\" data-id=\"cf52a4c\" data-element_type=\"widget\" data-e-type=\"widget\" data-widget_type=\"text-editor.default\">\n\t\t\t\t<div class=\"elementor-widget-container\">\n\t\t\t\t\t\t\t\t\t<p><strong>AGOSTO 29 2022<\/strong><\/p><p>La Federaci\u00f3n Nacional de Biocombustibles de Colombia (Fedebiocombustibles) present\u00f3 un balance positivo en lo que se refiere a la demanda de biodi\u00e9sel y bioetanol en los primeros seis meses del 2022. De acuerdo con su m\u00e1s reciente informe semestral, la demanda del biodi\u00e9sel en el pa\u00eds cerr\u00f3 con aumento del 13% y la de bioetanol con 9%, respecto al mismo periodo del a\u00f1o inmediatamente anterior.<\/p><p><a href=\"https:\/\/fedebiocombustibles.com\/en\/2022\/08\/29\/la-demanda-del-biodiesel-en-el-pais-cerro-con-aumento-del-13-y-la-de-bioetanol-con-9\/\">LEER M\u00c1S<\/a><\/p>\t\t\t\t\t\t\t\t<\/div>\n\t\t\t\t<\/div>\n\t\t\t\t<div class=\"elementor-element elementor-element-df61097 elementor-widget elementor-widget-spacer\" data-id=\"df61097\" data-element_type=\"widget\" data-e-type=\"widget\" data-widget_type=\"spacer.default\">\n\t\t\t\t<div class=\"elementor-widget-container\">\n\t\t\t\t\t\t\t<div class=\"elementor-spacer\">\n\t\t\t<div class=\"elementor-spacer-inner\"><\/div>\n\t\t<\/div>\n\t\t\t\t\t\t<\/div>\n\t\t\t\t<\/div>\n\t\t\t\t<div class=\"elementor-element elementor-element-6164b29 elementor-widget elementor-widget-image\" data-id=\"6164b29\" data-element_type=\"widget\" data-e-type=\"widget\" data-widget_type=\"image.default\">\n\t\t\t\t<div class=\"elementor-widget-container\">\n\t\t\t\t\t\t\t\t\t\t\t\t\t\t\t<img decoding=\"async\" width=\"1977\" height=\"1301\" src=\"https:\/\/fedebiocombustibles.com\/wp-content\/uploads\/2022\/06\/Jorge-Bendeck-2-1.jpg\" class=\"elementor-animation-grow attachment-full size-full wp-image-3064\" alt=\"Jorge Bendeck\" srcset=\"https:\/\/fedebiocombustibles.com\/wp-content\/uploads\/2022\/06\/Jorge-Bendeck-2-1.jpg 1977w, https:\/\/fedebiocombustibles.com\/wp-content\/uploads\/2022\/06\/Jorge-Bendeck-2-1-300x197.jpg 300w, https:\/\/fedebiocombustibles.com\/wp-content\/uploads\/2022\/06\/Jorge-Bendeck-2-1-1024x674.jpg 1024w, https:\/\/fedebiocombustibles.com\/wp-content\/uploads\/2022\/06\/Jorge-Bendeck-2-1-768x505.jpg 768w, https:\/\/fedebiocombustibles.com\/wp-content\/uploads\/2022\/06\/Jorge-Bendeck-2-1-1536x1011.jpg 1536w\" sizes=\"(max-width: 1977px) 100vw, 1977px\" \/>\t\t\t\t\t\t\t\t\t\t\t\t\t\t\t<\/div>\n\t\t\t\t<\/div>\n\t\t\t\t<div class=\"elementor-element elementor-element-1405f06 elementor-widget elementor-widget-heading\" data-id=\"1405f06\" data-element_type=\"widget\" data-e-type=\"widget\" data-widget_type=\"heading.default\">\n\t\t\t\t<div class=\"elementor-widget-container\">\n\t\t\t\t\t<h2 class=\"elementor-heading-title elementor-size-default\">COMUNICADOS<\/h2>\t\t\t\t<\/div>\n\t\t\t\t<\/div>\n\t\t\t\t<div class=\"elementor-element elementor-element-dd167ec elementor-widget elementor-widget-heading\" data-id=\"dd167ec\" data-element_type=\"widget\" data-e-type=\"widget\" data-widget_type=\"heading.default\">\n\t\t\t\t<div class=\"elementor-widget-container\">\n\t\t\t\t\t<h2 class=\"elementor-heading-title elementor-size-default\">Fedebiocombustibles propone a nuevo gobierno trabajar en una hoja de ruta conjunta para una transici\u00f3n energ\u00e9tica sostenible<\/h2>\t\t\t\t<\/div>\n\t\t\t\t<\/div>\n\t\t\t\t<div class=\"elementor-element elementor-element-e64382b elementor-widget elementor-widget-text-editor\" data-id=\"e64382b\" data-element_type=\"widget\" data-e-type=\"widget\" data-widget_type=\"text-editor.default\">\n\t\t\t\t<div class=\"elementor-widget-container\">\n\t\t\t\t\t\t\t\t\t<p><strong>JUNIO 29 2022<\/strong><\/p><p>Consciente de que la transici\u00f3n energ\u00e9tica y el respeto por la naturaleza ser\u00e1 una de las prioridades del nuevo presidente electo de Colombia, la Federaci\u00f3n Nacional de Biocombustibles de Colombia (Fedebiocombustibles) propone al Gobierno entrante a construir una agenda conjunta que permita cumplir con ese objetivo.<\/p><p><a href=\"https:\/\/fedebiocombustibles.com\/en\/2022\/06\/29\/fedebiocombustibles-propone-a-nuevo-gobierno-trabajar-en-una-hoja-de-ruta-conjunta-para-una-transicion-energetica-sostenible\/\">LEER M\u00c1S<\/a><\/p>\t\t\t\t\t\t\t\t<\/div>\n\t\t\t\t<\/div>\n\t\t\t\t<div class=\"elementor-element elementor-element-6c2992d elementor-widget elementor-widget-spacer\" data-id=\"6c2992d\" data-element_type=\"widget\" data-e-type=\"widget\" data-widget_type=\"spacer.default\">\n\t\t\t\t<div class=\"elementor-widget-container\">\n\t\t\t\t\t\t\t<div class=\"elementor-spacer\">\n\t\t\t<div class=\"elementor-spacer-inner\"><\/div>\n\t\t<\/div>\n\t\t\t\t\t\t<\/div>\n\t\t\t\t<\/div>\n\t\t\t\t<div class=\"elementor-element elementor-element-5935f93 elementor-widget elementor-widget-image\" data-id=\"5935f93\" data-element_type=\"widget\" data-e-type=\"widget\" data-widget_type=\"image.default\">\n\t\t\t\t<div class=\"elementor-widget-container\">\n\t\t\t\t\t\t\t\t\t\t\t\t\t\t\t<img decoding=\"async\" width=\"1600\" height=\"1200\" src=\"https:\/\/fedebiocombustibles.com\/wp-content\/uploads\/2022\/06\/Estacion-inaguguracion2.jpeg\" class=\"elementor-animation-grow attachment-full size-full wp-image-2997\" alt=\"\" srcset=\"https:\/\/fedebiocombustibles.com\/wp-content\/uploads\/2022\/06\/Estacion-inaguguracion2.jpeg 1600w, https:\/\/fedebiocombustibles.com\/wp-content\/uploads\/2022\/06\/Estacion-inaguguracion2-300x225.jpeg 300w, https:\/\/fedebiocombustibles.com\/wp-content\/uploads\/2022\/06\/Estacion-inaguguracion2-1024x768.jpeg 1024w, https:\/\/fedebiocombustibles.com\/wp-content\/uploads\/2022\/06\/Estacion-inaguguracion2-768x576.jpeg 768w, https:\/\/fedebiocombustibles.com\/wp-content\/uploads\/2022\/06\/Estacion-inaguguracion2-1536x1152.jpeg 1536w\" sizes=\"(max-width: 1600px) 100vw, 1600px\" \/>\t\t\t\t\t\t\t\t\t\t\t\t\t\t\t<\/div>\n\t\t\t\t<\/div>\n\t\t\t\t<div class=\"elementor-element elementor-element-cad41b1 elementor-widget elementor-widget-heading\" data-id=\"cad41b1\" data-element_type=\"widget\" data-e-type=\"widget\" data-widget_type=\"heading.default\">\n\t\t\t\t<div class=\"elementor-widget-container\">\n\t\t\t\t\t<h2 class=\"elementor-heading-title elementor-size-default\">COMUNICADOS<\/h2>\t\t\t\t<\/div>\n\t\t\t\t<\/div>\n\t\t\t\t<div class=\"elementor-element elementor-element-6dba30f elementor-widget elementor-widget-heading\" data-id=\"6dba30f\" data-element_type=\"widget\" data-e-type=\"widget\" data-widget_type=\"heading.default\">\n\t\t\t\t<div class=\"elementor-widget-container\">\n\t\t\t\t\t<h2 class=\"elementor-heading-title elementor-size-default\">Volqueteros podr\u00e1n tanquear en Bogot\u00e1 el di\u00e9sel menos contaminante de Colombia<\/h2>\t\t\t\t<\/div>\n\t\t\t\t<\/div>\n\t\t\t\t<div class=\"elementor-element elementor-element-e7097f4 elementor-widget elementor-widget-text-editor\" data-id=\"e7097f4\" data-element_type=\"widget\" data-e-type=\"widget\" data-widget_type=\"text-editor.default\">\n\t\t\t\t<div class=\"elementor-widget-container\">\n\t\t\t\t\t\t\t\t\t<p><strong>JUNIO 7 2022<\/strong><\/p><p>Comenz\u00f3 a operar en la ciudad de Bogot\u00e1 una estaci\u00f3n de servicio que permitir\u00e1 a 264 volquetas y camiones tanquear un di\u00e9sel que est\u00e1 mezclado con 20 % de biocombustible, es decir que es m\u00e1s amigable con el medioambiente en comparaci\u00f3n con el que se distribuye normalmente en Colombia, que tiene una mezcla del 12 %.<\/p><p><a href=\"https:\/\/fedebiocombustibles.com\/en\/2022\/06\/07\/volqueteros-podran-tanquear-en-bogota-el-diesel-menos-contaminante-de-colombia\/\">LEER M\u00c1S<\/a><\/p>\t\t\t\t\t\t\t\t<\/div>\n\t\t\t\t<\/div>\n\t\t\t\t<div class=\"elementor-element elementor-element-8140017 elementor-widget elementor-widget-spacer\" data-id=\"8140017\" data-element_type=\"widget\" data-e-type=\"widget\" data-widget_type=\"spacer.default\">\n\t\t\t\t<div class=\"elementor-widget-container\">\n\t\t\t\t\t\t\t<div class=\"elementor-spacer\">\n\t\t\t<div class=\"elementor-spacer-inner\"><\/div>\n\t\t<\/div>\n\t\t\t\t\t\t<\/div>\n\t\t\t\t<\/div>\n\t\t\t\t<div class=\"elementor-element elementor-element-525e0fb elementor-widget elementor-widget-image\" data-id=\"525e0fb\" data-element_type=\"widget\" data-e-type=\"widget\" data-widget_type=\"image.default\">\n\t\t\t\t<div class=\"elementor-widget-container\">\n\t\t\t\t\t\t\t\t\t\t\t\t\t\t\t<img loading=\"lazy\" decoding=\"async\" width=\"1600\" height=\"1200\" src=\"https:\/\/fedebiocombustibles.com\/wp-content\/uploads\/2022\/06\/Estacion-inauguracion.jpeg\" class=\"elementor-animation-grow attachment-full size-full wp-image-2992\" alt=\"\" srcset=\"https:\/\/fedebiocombustibles.com\/wp-content\/uploads\/2022\/06\/Estacion-inauguracion.jpeg 1600w, https:\/\/fedebiocombustibles.com\/wp-content\/uploads\/2022\/06\/Estacion-inauguracion-300x225.jpeg 300w, https:\/\/fedebiocombustibles.com\/wp-content\/uploads\/2022\/06\/Estacion-inauguracion-1024x768.jpeg 1024w, https:\/\/fedebiocombustibles.com\/wp-content\/uploads\/2022\/06\/Estacion-inauguracion-768x576.jpeg 768w, https:\/\/fedebiocombustibles.com\/wp-content\/uploads\/2022\/06\/Estacion-inauguracion-1536x1152.jpeg 1536w\" sizes=\"(max-width: 1600px) 100vw, 1600px\" \/>\t\t\t\t\t\t\t\t\t\t\t\t\t\t\t<\/div>\n\t\t\t\t<\/div>\n\t\t\t\t<div class=\"elementor-element elementor-element-0d3d0b7 elementor-widget elementor-widget-heading\" data-id=\"0d3d0b7\" data-element_type=\"widget\" data-e-type=\"widget\" data-widget_type=\"heading.default\">\n\t\t\t\t<div class=\"elementor-widget-container\">\n\t\t\t\t\t<h2 class=\"elementor-heading-title elementor-size-default\">COMUNICADOS<\/h2>\t\t\t\t<\/div>\n\t\t\t\t<\/div>\n\t\t\t\t<div class=\"elementor-element elementor-element-bf67dfb elementor-widget elementor-widget-heading\" data-id=\"bf67dfb\" data-element_type=\"widget\" data-e-type=\"widget\" data-widget_type=\"heading.default\">\n\t\t\t\t<div class=\"elementor-widget-container\">\n\t\t\t\t\t<h2 class=\"elementor-heading-title elementor-size-default\">Volqueteros podr\u00e1n tanquear con mezclas superiores de biocombustibles<\/h2>\t\t\t\t<\/div>\n\t\t\t\t<\/div>\n\t\t\t\t<div class=\"elementor-element elementor-element-197c2ce elementor-widget elementor-widget-text-editor\" data-id=\"197c2ce\" data-element_type=\"widget\" data-e-type=\"widget\" data-widget_type=\"text-editor.default\">\n\t\t\t\t<div class=\"elementor-widget-container\">\n\t\t\t\t\t\t\t\t\t<p><strong>JUNIO 7 2022<\/strong><\/p><p>Se trata de la primera estaci\u00f3n de servicio en la capital en la que transportadores podr\u00e1n biotanquear con Biodi\u00e9sel de aceite de palma al 20%.<\/p><p><a href=\"https:\/\/fedebiocombustibles.com\/en\/2022\/06\/07\/volqueteros-podran-tanquear-con-mezclas-superiores-de-biocombustibles\/\">LEER M\u00c1S<\/a><\/p>\t\t\t\t\t\t\t\t<\/div>\n\t\t\t\t<\/div>\n\t\t\t\t<div class=\"elementor-element elementor-element-30c1589 elementor-widget elementor-widget-spacer\" data-id=\"30c1589\" data-element_type=\"widget\" data-e-type=\"widget\" data-widget_type=\"spacer.default\">\n\t\t\t\t<div class=\"elementor-widget-container\">\n\t\t\t\t\t\t\t<div class=\"elementor-spacer\">\n\t\t\t<div class=\"elementor-spacer-inner\"><\/div>\n\t\t<\/div>\n\t\t\t\t\t\t<\/div>\n\t\t\t\t<\/div>\n\t\t\t\t<div class=\"elementor-element elementor-element-c3d5008 elementor-widget elementor-widget-image\" data-id=\"c3d5008\" data-element_type=\"widget\" data-e-type=\"widget\" data-widget_type=\"image.default\">\n\t\t\t\t<div class=\"elementor-widget-container\">\n\t\t\t\t\t\t\t\t\t\t\t\t\t\t\t<img loading=\"lazy\" decoding=\"async\" width=\"1500\" height=\"1125\" src=\"https:\/\/fedebiocombustibles.com\/wp-content\/uploads\/2022\/06\/IMG_20211201_160351727-1.jpg\" class=\"elementor-animation-grow attachment-full size-full wp-image-2945\" alt=\"\" srcset=\"https:\/\/fedebiocombustibles.com\/wp-content\/uploads\/2022\/06\/IMG_20211201_160351727-1.jpg 1500w, https:\/\/fedebiocombustibles.com\/wp-content\/uploads\/2022\/06\/IMG_20211201_160351727-1-300x225.jpg 300w, https:\/\/fedebiocombustibles.com\/wp-content\/uploads\/2022\/06\/IMG_20211201_160351727-1-1024x768.jpg 1024w, https:\/\/fedebiocombustibles.com\/wp-content\/uploads\/2022\/06\/IMG_20211201_160351727-1-768x576.jpg 768w\" sizes=\"(max-width: 1500px) 100vw, 1500px\" \/>\t\t\t\t\t\t\t\t\t\t\t\t\t\t\t<\/div>\n\t\t\t\t<\/div>\n\t\t\t\t<div class=\"elementor-element elementor-element-e416554 elementor-widget elementor-widget-heading\" data-id=\"e416554\" data-element_type=\"widget\" data-e-type=\"widget\" data-widget_type=\"heading.default\">\n\t\t\t\t<div class=\"elementor-widget-container\">\n\t\t\t\t\t<h2 class=\"elementor-heading-title elementor-size-default\">COMUNICADOS<\/h2>\t\t\t\t<\/div>\n\t\t\t\t<\/div>\n\t\t\t\t<div class=\"elementor-element elementor-element-bbab14b elementor-widget elementor-widget-heading\" data-id=\"bbab14b\" data-element_type=\"widget\" data-e-type=\"widget\" data-widget_type=\"heading.default\">\n\t\t\t\t<div class=\"elementor-widget-container\">\n\t\t\t\t\t<h2 class=\"elementor-heading-title elementor-size-default\">4 contribuciones clave del sector de los biocombustibles, ante los compromisos del COP 26<\/h2>\t\t\t\t<\/div>\n\t\t\t\t<\/div>\n\t\t\t\t<div class=\"elementor-element elementor-element-cc5b8e9 elementor-widget elementor-widget-text-editor\" data-id=\"cc5b8e9\" data-element_type=\"widget\" data-e-type=\"widget\" data-widget_type=\"text-editor.default\">\n\t\t\t\t<div class=\"elementor-widget-container\">\n\t\t\t\t\t\t\t\t\t<p><strong>JUNIO 1 2022<\/strong><\/p><p>L\u00edderes mundiales se re\u00fanen hasta el 12 de noviembre en Glasgow para discutir la reducci\u00f3n del uso de combustibles f\u00f3siles y frenar el calentamiento global.<\/p><p><a href=\"https:\/\/fedebiocombustibles.com\/en\/2022\/06\/01\/4-contribuciones-clave-del-sector-de-los-biocombustibles-ante-los-compromisos-del-cop-26-2\/\">LEER M\u00c1S<\/a><\/p>\t\t\t\t\t\t\t\t<\/div>\n\t\t\t\t<\/div>\n\t\t\t\t<div class=\"elementor-element elementor-element-a96693d elementor-widget elementor-widget-spacer\" data-id=\"a96693d\" data-element_type=\"widget\" data-e-type=\"widget\" data-widget_type=\"spacer.default\">\n\t\t\t\t<div class=\"elementor-widget-container\">\n\t\t\t\t\t\t\t<div class=\"elementor-spacer\">\n\t\t\t<div class=\"elementor-spacer-inner\"><\/div>\n\t\t<\/div>\n\t\t\t\t\t\t<\/div>\n\t\t\t\t<\/div>\n\t\t\t\t<div class=\"elementor-element elementor-element-287e7a9 elementor-widget elementor-widget-image\" data-id=\"287e7a9\" data-element_type=\"widget\" data-e-type=\"widget\" data-widget_type=\"image.default\">\n\t\t\t\t<div class=\"elementor-widget-container\">\n\t\t\t\t\t\t\t\t\t\t\t\t\t\t\t<img loading=\"lazy\" decoding=\"async\" width=\"1280\" height=\"854\" src=\"https:\/\/fedebiocombustibles.com\/wp-content\/uploads\/2022\/05\/comunicado-fedebio-3.jpeg\" class=\"elementor-animation-grow attachment-full size-full wp-image-2869\" alt=\"\" srcset=\"https:\/\/fedebiocombustibles.com\/wp-content\/uploads\/2022\/05\/comunicado-fedebio-3.jpeg 1280w, https:\/\/fedebiocombustibles.com\/wp-content\/uploads\/2022\/05\/comunicado-fedebio-3-300x200.jpeg 300w, https:\/\/fedebiocombustibles.com\/wp-content\/uploads\/2022\/05\/comunicado-fedebio-3-1024x683.jpeg 1024w, https:\/\/fedebiocombustibles.com\/wp-content\/uploads\/2022\/05\/comunicado-fedebio-3-768x512.jpeg 768w, https:\/\/fedebiocombustibles.com\/wp-content\/uploads\/2022\/05\/comunicado-fedebio-3-270x180.jpeg 270w, https:\/\/fedebiocombustibles.com\/wp-content\/uploads\/2022\/05\/comunicado-fedebio-3-770x515.jpeg 770w\" sizes=\"(max-width: 1280px) 100vw, 1280px\" \/>\t\t\t\t\t\t\t\t\t\t\t\t\t\t\t<\/div>\n\t\t\t\t<\/div>\n\t\t\t\t<div class=\"elementor-element elementor-element-7d08a7f elementor-widget elementor-widget-heading\" data-id=\"7d08a7f\" data-element_type=\"widget\" data-e-type=\"widget\" data-widget_type=\"heading.default\">\n\t\t\t\t<div class=\"elementor-widget-container\">\n\t\t\t\t\t<h2 class=\"elementor-heading-title elementor-size-default\">COMUNICADOS<\/h2>\t\t\t\t<\/div>\n\t\t\t\t<\/div>\n\t\t\t\t<div class=\"elementor-element elementor-element-b222c9c elementor-widget elementor-widget-heading\" data-id=\"b222c9c\" data-element_type=\"widget\" data-e-type=\"widget\" data-widget_type=\"heading.default\">\n\t\t\t\t<div class=\"elementor-widget-container\">\n\t\t\t\t\t<h2 class=\"elementor-heading-title elementor-size-default\">Sector de los biocombustibles fija su hoja de ruta para 2022, tras buenos resultados en el 2021<\/h2>\t\t\t\t<\/div>\n\t\t\t\t<\/div>\n\t\t\t\t<div class=\"elementor-element elementor-element-6bd2034 elementor-widget elementor-widget-text-editor\" data-id=\"6bd2034\" data-element_type=\"widget\" data-e-type=\"widget\" data-widget_type=\"text-editor.default\">\n\t\t\t\t<div class=\"elementor-widget-container\">\n\t\t\t\t\t\t\t\t\t<p><strong>Mayo 24 2022<\/strong><\/p><p>El sector de los biocombustibles cerr\u00f3 el 2021 con r\u00e9cord en la demanda de biodiesel de aceite de palma al llegar a las 634\u00a0 miles de toneladas comercializadas, un dato que le permiti\u00f3 superar a su mejor a\u00f1o hist\u00f3rico y que proyecta al 2022 como otro periodo de s\u00f3lido crecimiento.<\/p><p><a href=\"https:\/\/fedebiocombustibles.com\/en\/2022\/05\/24\/sector-de-los-biocombustibles-fija-su-hoja-de-ruta-para-2022\/\">LEER M\u00c1S<\/a><\/p>\t\t\t\t\t\t\t\t<\/div>\n\t\t\t\t<\/div>\n\t\t\t\t<div class=\"elementor-element elementor-element-070a8bb elementor-widget elementor-widget-spacer\" data-id=\"070a8bb\" data-element_type=\"widget\" data-e-type=\"widget\" data-widget_type=\"spacer.default\">\n\t\t\t\t<div class=\"elementor-widget-container\">\n\t\t\t\t\t\t\t<div class=\"elementor-spacer\">\n\t\t\t<div class=\"elementor-spacer-inner\"><\/div>\n\t\t<\/div>\n\t\t\t\t\t\t<\/div>\n\t\t\t\t<\/div>\n\t\t\t\t<div class=\"elementor-element elementor-element-2780ee9 elementor-widget elementor-widget-image\" data-id=\"2780ee9\" data-element_type=\"widget\" data-e-type=\"widget\" data-widget_type=\"image.default\">\n\t\t\t\t<div class=\"elementor-widget-container\">\n\t\t\t\t\t\t\t\t\t\t\t\t\t\t\t<img loading=\"lazy\" decoding=\"async\" width=\"1500\" height=\"1125\" src=\"https:\/\/fedebiocombustibles.com\/wp-content\/uploads\/2022\/05\/IMG_20211201_142311121_HDR-1-1.jpg\" class=\"elementor-animation-grow attachment-full size-full wp-image-2861\" alt=\"\" srcset=\"https:\/\/fedebiocombustibles.com\/wp-content\/uploads\/2022\/05\/IMG_20211201_142311121_HDR-1-1.jpg 1500w, https:\/\/fedebiocombustibles.com\/wp-content\/uploads\/2022\/05\/IMG_20211201_142311121_HDR-1-1-300x225.jpg 300w, https:\/\/fedebiocombustibles.com\/wp-content\/uploads\/2022\/05\/IMG_20211201_142311121_HDR-1-1-1024x768.jpg 1024w, https:\/\/fedebiocombustibles.com\/wp-content\/uploads\/2022\/05\/IMG_20211201_142311121_HDR-1-1-768x576.jpg 768w\" sizes=\"(max-width: 1500px) 100vw, 1500px\" \/>\t\t\t\t\t\t\t\t\t\t\t\t\t\t\t<\/div>\n\t\t\t\t<\/div>\n\t\t\t\t<div class=\"elementor-element elementor-element-62714c8 elementor-widget elementor-widget-heading\" data-id=\"62714c8\" data-element_type=\"widget\" data-e-type=\"widget\" data-widget_type=\"heading.default\">\n\t\t\t\t<div class=\"elementor-widget-container\">\n\t\t\t\t\t<h2 class=\"elementor-heading-title elementor-size-default\">ECONOM\u00cdA<\/h2>\t\t\t\t<\/div>\n\t\t\t\t<\/div>\n\t\t\t\t<div class=\"elementor-element elementor-element-61dc3c4 elementor-widget elementor-widget-heading\" data-id=\"61dc3c4\" data-element_type=\"widget\" data-e-type=\"widget\" data-widget_type=\"heading.default\">\n\t\t\t\t<div class=\"elementor-widget-container\">\n\t\t\t\t\t<h2 class=\"elementor-heading-title elementor-size-default\">Cinco compromisos ambientales que ser\u00e1n determinantes para el pr\u00f3ximo Presidente de Colombia<\/h2>\t\t\t\t<\/div>\n\t\t\t\t<\/div>\n\t\t\t\t<div class=\"elementor-element elementor-element-865df30 elementor-widget elementor-widget-text-editor\" data-id=\"865df30\" data-element_type=\"widget\" data-e-type=\"widget\" data-widget_type=\"text-editor.default\">\n\t\t\t\t<div class=\"elementor-widget-container\">\n\t\t\t\t\t\t\t\t\t<p><strong>Mayo 24 2022<\/strong><\/p><p>En la Conferencia Anual de las Naciones Unidas sobre\u00a0<b>Cambio Clim\u00e1tico (COP26),<\/b>\u00a0que se llev\u00f3 a cabo en 2021, los pa\u00edses asistentes -entre esos Colombia- firmaron el\u00a0<b>Pacto Clim\u00e1tico de Glasgow con el fin de aumentar la acci\u00f3n para hacer frente a los impactos clim\u00e1ticos<\/b>\u00a0bajo acciones globales significativas.<\/p><p><a href=\"https:\/\/fedebiocombustibles.com\/en\/2022\/05\/24\/cinco-compromisos-ambientales-que-seran-determinantes\/\">LEER M\u00c1S<\/a><\/p>\t\t\t\t\t\t\t\t<\/div>\n\t\t\t\t<\/div>\n\t\t\t\t<div class=\"elementor-element elementor-element-1d20e65 elementor-widget elementor-widget-spacer\" data-id=\"1d20e65\" data-element_type=\"widget\" data-e-type=\"widget\" data-widget_type=\"spacer.default\">\n\t\t\t\t<div class=\"elementor-widget-container\">\n\t\t\t\t\t\t\t<div class=\"elementor-spacer\">\n\t\t\t<div class=\"elementor-spacer-inner\"><\/div>\n\t\t<\/div>\n\t\t\t\t\t\t<\/div>\n\t\t\t\t<\/div>\n\t\t\t\t\t<\/div>\n\t\t<\/div>\n\t\t\t\t<div class=\"elementor-column elementor-col-20 elementor-top-column elementor-element elementor-element-81cd14c\" data-id=\"81cd14c\" data-element_type=\"column\" data-e-type=\"column\">\n\t\t\t<div class=\"elementor-widget-wrap\">\n\t\t\t\t\t\t\t<\/div>\n\t\t<\/div>\n\t\t\t\t<div class=\"elementor-column elementor-col-20 elementor-top-column elementor-element elementor-element-80b1e70\" data-id=\"80b1e70\" data-element_type=\"column\" data-e-type=\"column\">\n\t\t\t<div class=\"elementor-widget-wrap elementor-element-populated\">\n\t\t\t\t\t\t<section class=\"elementor-section elementor-inner-section elementor-element elementor-element-e9a733d elementor-section-full_width elementor-section-height-default elementor-section-height-default\" data-id=\"e9a733d\" data-element_type=\"section\" data-e-type=\"section\">\n\t\t\t\t\t\t<div class=\"elementor-container elementor-column-gap-default\">\n\t\t\t\t\t<div class=\"elementor-column elementor-col-100 elementor-inner-column elementor-element elementor-element-68f51e0\" data-id=\"68f51e0\" data-element_type=\"column\" data-e-type=\"column\" data-settings=\"{&quot;background_background&quot;:&quot;classic&quot;}\">\n\t\t\t<div class=\"elementor-widget-wrap elementor-element-populated\">\n\t\t\t\t\t\t<div class=\"elementor-element elementor-element-8eabe81 elementor-widget elementor-widget-heading\" data-id=\"8eabe81\" data-element_type=\"widget\" data-e-type=\"widget\" data-widget_type=\"heading.default\">\n\t\t\t\t<div class=\"elementor-widget-container\">\n\t\t\t\t\t<h2 class=\"elementor-heading-title elementor-size-default\">Boletines informativos<\/h2>\t\t\t\t<\/div>\n\t\t\t\t<\/div>\n\t\t\t\t<div class=\"elementor-element elementor-element-7d8ec73 elementor-widget-divider--view-line elementor-widget elementor-widget-divider\" data-id=\"7d8ec73\" data-element_type=\"widget\" data-e-type=\"widget\" data-widget_type=\"divider.default\">\n\t\t\t\t<div class=\"elementor-widget-container\">\n\t\t\t\t\t\t\t<div class=\"elementor-divider\">\n\t\t\t<span class=\"elementor-divider-separator\">\n\t\t\t\t\t\t<\/span>\n\t\t<\/div>\n\t\t\t\t\t\t<\/div>\n\t\t\t\t<\/div>\n\t\t\t\t<div class=\"elementor-element elementor-element-cd05207 elementor-widget elementor-widget-text-editor\" data-id=\"cd05207\" data-element_type=\"widget\" data-e-type=\"widget\" data-widget_type=\"text-editor.default\">\n\t\t\t\t<div class=\"elementor-widget-container\">\n\t\t\t\t\t\t\t\t\t<p>Registra tus datos para recibir actualizaciones de nuestro bolet\u00edn<\/p>\t\t\t\t\t\t\t\t<\/div>\n\t\t\t\t<\/div>\n\t\t\t\t<div class=\"elementor-element elementor-element-b9af3c2 eael-contact-form-7-button-full-width elementor-widget elementor-widget-eael-contact-form-7\" data-id=\"b9af3c2\" data-element_type=\"widget\" data-e-type=\"widget\" data-widget_type=\"eael-contact-form-7.default\">\n\t\t\t\t<div class=\"elementor-widget-container\">\n\t\t\t\t\t<div class=\"eael-contact-form-7-wrapper\">\n                <div class=\"eael-contact-form eael-contact-form-7 eael-contact-form-b9af3c2 placeholder-show eael-contact-form-align-center\">\n<div class=\"wpcf7 no-js\" id=\"wpcf7-f1047-o1\" lang=\"es-ES\" dir=\"ltr\" data-wpcf7-id=\"1047\">\n<div class=\"screen-reader-response\"><p role=\"status\" aria-live=\"polite\" aria-atomic=\"true\"><\/p> <ul><\/ul><\/div>\n<form action=\"\/en\/wp-json\/wp\/v2\/pages\/2981#wpcf7-f1047-o1\" method=\"post\" class=\"wpcf7-form init\" aria-label=\"Formulario de contacto\" novalidate=\"novalidate\" data-status=\"init\" data-trp-original-action=\"\/en\/wp-json\/wp\/v2\/pages\/2981#wpcf7-f1047-o1\">\n<fieldset class=\"hidden-fields-container\"><input type=\"hidden\" name=\"_wpcf7\" value=\"1047\" \/><input type=\"hidden\" name=\"_wpcf7_version\" value=\"6.1.5\" \/><input type=\"hidden\" name=\"_wpcf7_locale\" value=\"es_ES\" \/><input type=\"hidden\" name=\"_wpcf7_unit_tag\" value=\"wpcf7-f1047-o1\" \/><input type=\"hidden\" name=\"_wpcf7_container_post\" value=\"0\" \/><input type=\"hidden\" name=\"_wpcf7_posted_data_hash\" value=\"\" \/><input type=\"hidden\" name=\"_wpcf7_recaptcha_response\" value=\"\" \/>\n<\/fieldset>\n<h5 style=\"color: #000000; text-align:center;\">Registra tus datos para recibir actualizaciones de nuestro bolet\u00edn\n<\/h5>\n<p><span class=\"wpcf7-form-control-wrap\" data-name=\"nombres\"><input size=\"40\" maxlength=\"400\" class=\"wpcf7-form-control wpcf7-text wpcf7-validates-as-required\" aria-required=\"true\" aria-invalid=\"false\" placeholder=\"Nombre\" value=\"\" type=\"text\" name=\"nombres\" \/><\/span><br \/>\n<span class=\"wpcf7-form-control-wrap\" data-name=\"email-621\"><input size=\"40\" maxlength=\"400\" class=\"wpcf7-form-control wpcf7-email wpcf7-validates-as-required wpcf7-text wpcf7-validates-as-email\" aria-required=\"true\" aria-invalid=\"false\" placeholder=\"Correo electr\u00f3nico\" value=\"\" type=\"email\" name=\"email-621\" \/><\/span>\n<\/p>\n<h6 style=\"color: #000000; text-align:center;\"> Al suscribirse autoriza el tratamiento de sus datos personales que puede consultar en el <a href=\"https:\/\/fedebiocombustibles.com\/wp-content\/uploads\/2022\/10\/DA-MNL-005-MANUAL-DE-POLITICA-DE-TRATAMIENTO-DE-DATOS-PERSONALES-V2.pdf\"> manual de politicas de tratamiento de datos personales <\/a>\n<\/h6>\n<p><input class=\"wpcf7-form-control wpcf7-submit has-spinner\" type=\"submit\" value=\"Suscr\u00edbete\" \/>\n<\/p><div class=\"wpcf7-response-output\" aria-hidden=\"true\"><\/div>\n<input type=\"hidden\" name=\"trp-form-language\" value=\"en\"\/><\/form>\n<\/div>\n<\/div>\n            <\/div>\t\t\t\t<\/div>\n\t\t\t\t<\/div>\n\t\t\t\t\t<\/div>\n\t\t<\/div>\n\t\t\t\t\t<\/div>\n\t\t<\/section>\n\t\t\t\t<div class=\"elementor-element elementor-element-1e36925 elementor-widget elementor-widget-heading\" data-id=\"1e36925\" data-element_type=\"widget\" data-e-type=\"widget\" data-widget_type=\"heading.default\">\n\t\t\t\t<div class=\"elementor-widget-container\">\n\t\t\t\t\t<h2 class=\"elementor-heading-title elementor-size-default\">\u00daltimos Posts<\/h2>\t\t\t\t<\/div>\n\t\t\t\t<\/div>\n\t\t\t\t<div class=\"elementor-element elementor-element-b568062 elementor-widget-divider--view-line elementor-widget elementor-widget-divider\" data-id=\"b568062\" data-element_type=\"widget\" data-e-type=\"widget\" data-widget_type=\"divider.default\">\n\t\t\t\t<div class=\"elementor-widget-container\">\n\t\t\t\t\t\t\t<div class=\"elementor-divider\">\n\t\t\t<span class=\"elementor-divider-separator\">\n\t\t\t\t\t\t<\/span>\n\t\t<\/div>\n\t\t\t\t\t\t<\/div>\n\t\t\t\t<\/div>\n\t\t\t\t<section class=\"elementor-section elementor-inner-section elementor-element elementor-element-de8d42e elementor-section-full_width elementor-section-height-default elementor-section-height-default\" data-id=\"de8d42e\" data-element_type=\"section\" data-e-type=\"section\">\n\t\t\t\t\t\t<div class=\"elementor-container elementor-column-gap-default\">\n\t\t\t\t\t<div class=\"elementor-column elementor-col-50 elementor-inner-column elementor-element elementor-element-eceaa30\" data-id=\"eceaa30\" data-element_type=\"column\" data-e-type=\"column\">\n\t\t\t<div class=\"elementor-widget-wrap elementor-element-populated\">\n\t\t\t\t\t\t<div class=\"elementor-element elementor-element-501486c elementor-widget elementor-widget-image\" data-id=\"501486c\" data-element_type=\"widget\" data-e-type=\"widget\" data-widget_type=\"image.default\">\n\t\t\t\t<div class=\"elementor-widget-container\">\n\t\t\t\t\t\t\t\t\t\t\t\t\t\t\t\t<a href=\"https:\/\/fedebiocombustibles.com\/en\/2022\/01\/03\/proyecto-con-vehiculos-de-carga-reduce-considerablemente-la-mala-calidad-del-aire-en-medellin\/\">\n\t\t\t\t\t\t\t<img loading=\"lazy\" decoding=\"async\" width=\"753\" height=\"511\" src=\"https:\/\/fedebiocombustibles.com\/wp-content\/uploads\/2022\/01\/Medio-Ambiente-3.jpg\" class=\"elementor-animation-pop attachment-large size-large wp-image-812\" alt=\"\" srcset=\"https:\/\/fedebiocombustibles.com\/wp-content\/uploads\/2022\/01\/Medio-Ambiente-3.jpg 753w, https:\/\/fedebiocombustibles.com\/wp-content\/uploads\/2022\/01\/Medio-Ambiente-3-300x204.jpg 300w\" sizes=\"(max-width: 753px) 100vw, 753px\" \/>\t\t\t\t\t\t\t\t<\/a>\n\t\t\t\t\t\t\t\t\t\t\t\t\t\t\t<\/div>\n\t\t\t\t<\/div>\n\t\t\t\t\t<\/div>\n\t\t<\/div>\n\t\t\t\t<div class=\"elementor-column elementor-col-50 elementor-inner-column elementor-element elementor-element-2e09ef2\" data-id=\"2e09ef2\" data-element_type=\"column\" data-e-type=\"column\">\n\t\t\t<div class=\"elementor-widget-wrap elementor-element-populated\">\n\t\t\t\t\t\t<div class=\"elementor-element elementor-element-2c9378a elementor-widget elementor-widget-heading\" data-id=\"2c9378a\" data-element_type=\"widget\" data-e-type=\"widget\" data-widget_type=\"heading.default\">\n\t\t\t\t<div class=\"elementor-widget-container\">\n\t\t\t\t\t<h2 class=\"elementor-heading-title elementor-size-default\">Proyecto con veh\u00edculos de carga reduce \"considerablemente\" la mala calidad del aire en Medell\u00edn<\/h2>\t\t\t\t<\/div>\n\t\t\t\t<\/div>\n\t\t\t\t<div class=\"elementor-element elementor-element-5a9532b elementor-widget elementor-widget-heading\" data-id=\"5a9532b\" data-element_type=\"widget\" data-e-type=\"widget\" data-widget_type=\"heading.default\">\n\t\t\t\t<div class=\"elementor-widget-container\">\n\t\t\t\t\t<h2 class=\"elementor-heading-title elementor-size-default\">Enero 3 2022<\/h2>\t\t\t\t<\/div>\n\t\t\t\t<\/div>\n\t\t\t\t\t<\/div>\n\t\t<\/div>\n\t\t\t\t\t<\/div>\n\t\t<\/section>\n\t\t\t\t<section class=\"elementor-section elementor-inner-section elementor-element elementor-element-d54c5d4 elementor-section-full_width elementor-section-height-default elementor-section-height-default\" data-id=\"d54c5d4\" data-element_type=\"section\" data-e-type=\"section\">\n\t\t\t\t\t\t<div class=\"elementor-container elementor-column-gap-default\">\n\t\t\t\t\t<div class=\"elementor-column elementor-col-50 elementor-inner-column elementor-element elementor-element-bdd0e06\" data-id=\"bdd0e06\" data-element_type=\"column\" data-e-type=\"column\">\n\t\t\t<div class=\"elementor-widget-wrap elementor-element-populated\">\n\t\t\t\t\t\t<div class=\"elementor-element elementor-element-bf46a1a elementor-widget elementor-widget-image\" data-id=\"bf46a1a\" data-element_type=\"widget\" data-e-type=\"widget\" data-widget_type=\"image.default\">\n\t\t\t\t<div class=\"elementor-widget-container\">\n\t\t\t\t\t\t\t\t\t\t\t\t\t\t\t\t<a href=\"https:\/\/fedebiocombustibles.com\/en\/2022\/01\/04\/que-efecto-tienen-los-biocombustibles-en-el-motor-de-un-automovil\/\">\n\t\t\t\t\t\t\t<img loading=\"lazy\" decoding=\"async\" width=\"770\" height=\"433\" src=\"https:\/\/fedebiocombustibles.com\/wp-content\/uploads\/2022\/01\/Alternativas-participar-1024x576.jpg\" class=\"elementor-animation-pop attachment-large size-large wp-image-759\" alt=\"\" srcset=\"https:\/\/fedebiocombustibles.com\/wp-content\/uploads\/2022\/01\/Alternativas-participar-1024x576.jpg 1024w, https:\/\/fedebiocombustibles.com\/wp-content\/uploads\/2022\/01\/Alternativas-participar-300x169.jpg 300w, https:\/\/fedebiocombustibles.com\/wp-content\/uploads\/2022\/01\/Alternativas-participar-768x432.jpg 768w, https:\/\/fedebiocombustibles.com\/wp-content\/uploads\/2022\/01\/Alternativas-participar.jpg 1200w\" sizes=\"(max-width: 770px) 100vw, 770px\" \/>\t\t\t\t\t\t\t\t<\/a>\n\t\t\t\t\t\t\t\t\t\t\t\t\t\t\t<\/div>\n\t\t\t\t<\/div>\n\t\t\t\t\t<\/div>\n\t\t<\/div>\n\t\t\t\t<div class=\"elementor-column elementor-col-50 elementor-inner-column elementor-element elementor-element-f6af9fe\" data-id=\"f6af9fe\" data-element_type=\"column\" data-e-type=\"column\">\n\t\t\t<div class=\"elementor-widget-wrap elementor-element-populated\">\n\t\t\t\t\t\t<div class=\"elementor-element elementor-element-f9a43d6 elementor-widget elementor-widget-heading\" data-id=\"f9a43d6\" data-element_type=\"widget\" data-e-type=\"widget\" data-widget_type=\"heading.default\">\n\t\t\t\t<div class=\"elementor-widget-container\">\n\t\t\t\t\t<h2 class=\"elementor-heading-title elementor-size-default\">\u00bfQu\u00e9 efecto tienen los biocombustibles en el motor de un autom\u00f3vil?\n<\/h2>\t\t\t\t<\/div>\n\t\t\t\t<\/div>\n\t\t\t\t<div class=\"elementor-element elementor-element-7e4896e elementor-widget elementor-widget-heading\" data-id=\"7e4896e\" data-element_type=\"widget\" data-e-type=\"widget\" data-widget_type=\"heading.default\">\n\t\t\t\t<div class=\"elementor-widget-container\">\n\t\t\t\t\t<h2 class=\"elementor-heading-title elementor-size-default\">Enero 3 2022<\/h2>\t\t\t\t<\/div>\n\t\t\t\t<\/div>\n\t\t\t\t\t<\/div>\n\t\t<\/div>\n\t\t\t\t\t<\/div>\n\t\t<\/section>\n\t\t\t\t<section class=\"elementor-section elementor-inner-section elementor-element elementor-element-bca9347 elementor-section-full_width elementor-section-height-default elementor-section-height-default\" data-id=\"bca9347\" data-element_type=\"section\" data-e-type=\"section\">\n\t\t\t\t\t\t<div class=\"elementor-container elementor-column-gap-default\">\n\t\t\t\t\t<div class=\"elementor-column elementor-col-50 elementor-inner-column elementor-element elementor-element-fef6787\" data-id=\"fef6787\" data-element_type=\"column\" data-e-type=\"column\">\n\t\t\t<div class=\"elementor-widget-wrap elementor-element-populated\">\n\t\t\t\t\t\t<div class=\"elementor-element elementor-element-483dc21 elementor-widget elementor-widget-image\" data-id=\"483dc21\" data-element_type=\"widget\" data-e-type=\"widget\" data-widget_type=\"image.default\">\n\t\t\t\t<div class=\"elementor-widget-container\">\n\t\t\t\t\t\t\t\t\t\t\t\t\t\t\t\t<a href=\"https:\/\/fedebiocombustibles.com\/en\/2022\/01\/03\/sector-de-biocombustibles-aporta-para-reducir-el-calentamiento-global\/\">\n\t\t\t\t\t\t\t<img loading=\"lazy\" decoding=\"async\" width=\"730\" height=\"450\" src=\"https:\/\/fedebiocombustibles.com\/wp-content\/uploads\/2022\/01\/Medio-Ambiente-2.jpg\" class=\"elementor-animation-pop attachment-large size-large wp-image-801\" alt=\"\" srcset=\"https:\/\/fedebiocombustibles.com\/wp-content\/uploads\/2022\/01\/Medio-Ambiente-2.jpg 730w, https:\/\/fedebiocombustibles.com\/wp-content\/uploads\/2022\/01\/Medio-Ambiente-2-300x185.jpg 300w\" sizes=\"(max-width: 730px) 100vw, 730px\" \/>\t\t\t\t\t\t\t\t<\/a>\n\t\t\t\t\t\t\t\t\t\t\t\t\t\t\t<\/div>\n\t\t\t\t<\/div>\n\t\t\t\t\t<\/div>\n\t\t<\/div>\n\t\t\t\t<div class=\"elementor-column elementor-col-50 elementor-inner-column elementor-element elementor-element-24760b2\" data-id=\"24760b2\" data-element_type=\"column\" data-e-type=\"column\">\n\t\t\t<div class=\"elementor-widget-wrap elementor-element-populated\">\n\t\t\t\t\t\t<div class=\"elementor-element elementor-element-6120bc1 elementor-widget elementor-widget-heading\" data-id=\"6120bc1\" data-element_type=\"widget\" data-e-type=\"widget\" data-widget_type=\"heading.default\">\n\t\t\t\t<div class=\"elementor-widget-container\">\n\t\t\t\t\t<h2 class=\"elementor-heading-title elementor-size-default\">Sector de biocombustibles aporta para reducir el calentamiento global\n<\/h2>\t\t\t\t<\/div>\n\t\t\t\t<\/div>\n\t\t\t\t<div class=\"elementor-element elementor-element-4ba9481 elementor-widget elementor-widget-heading\" data-id=\"4ba9481\" data-element_type=\"widget\" data-e-type=\"widget\" data-widget_type=\"heading.default\">\n\t\t\t\t<div class=\"elementor-widget-container\">\n\t\t\t\t\t<h2 class=\"elementor-heading-title elementor-size-default\">Enero 3 2022<\/h2>\t\t\t\t<\/div>\n\t\t\t\t<\/div>\n\t\t\t\t\t<\/div>\n\t\t<\/div>\n\t\t\t\t\t<\/div>\n\t\t<\/section>\n\t\t\t\t\t<\/div>\n\t\t<\/div>\n\t\t\t\t<div class=\"elementor-column elementor-col-20 elementor-top-column elementor-element elementor-element-6eda028\" data-id=\"6eda028\" data-element_type=\"column\" data-e-type=\"column\">\n\t\t\t<div class=\"elementor-widget-wrap\">\n\t\t\t\t\t\t\t<\/div>\n\t\t<\/div>\n\t\t\t\t\t<\/div>\n\t\t<\/section>\n\t\t\t\t<\/div>","protected":false},"excerpt":{"rendered":"<p>COMUNICADOS Demanda de biocombustibles en Colombia cierra el primer semestre de 2022 en positivo AGOSTO 29 2022 La Federaci\u00f3n Nacional de Biocombustibles de Colombia (Fedebiocombustibles) present\u00f3 un balance positivo en lo que se refiere a la demanda de biodi\u00e9sel y bioetanol en los primeros seis meses del 2022. De acuerdo con su m\u00e1s reciente informe<\/p>","protected":false},"author":5,"featured_media":0,"parent":0,"menu_order":0,"comment_status":"closed","ping_status":"closed","template":"elementor_canvas","meta":{"_monsterinsights_skip_tracking":false,"_monsterinsights_sitenote_active":false,"_monsterinsights_sitenote_note":"","_monsterinsights_sitenote_category":0,"footnotes":""},"class_list":["post-2981","page","type-page","status-publish"],"yoast_head":"<!-- This site is optimized with the Yoast SEO plugin v27.5 - https:\/\/yoast.com\/product\/yoast-seo-wordpress\/ -->\n<title>Resumen Comunicados - Federaci\u00f3n Nacional de Biocombustibles<\/title>\n<meta name=\"robots\" content=\"index, follow, max-snippet:-1, max-image-preview:large, max-video-preview:-1\" \/>\n<link rel=\"canonical\" href=\"https:\/\/fedebiocombustibles.com\/en\/resumen-comunicados\/\" \/>\n<meta property=\"og:locale\" content=\"en_US\" \/>\n<meta property=\"og:type\" content=\"article\" \/>\n<meta property=\"og:title\" content=\"Resumen Comunicados - Federaci\u00f3n Nacional de Biocombustibles\" \/>\n<meta property=\"og:description\" content=\"COMUNICADOS Demanda de biocombustibles en Colombia cierra el primer semestre de 2022 en positivo AGOSTO 29 2022 La Federaci\u00f3n Nacional de Biocombustibles de Colombia (Fedebiocombustibles) present\u00f3 un balance positivo en lo que se refiere a la demanda de biodi\u00e9sel y bioetanol en los primeros seis meses del 2022. De acuerdo con su m\u00e1s reciente informe\" \/>\n<meta property=\"og:url\" content=\"https:\/\/fedebiocombustibles.com\/en\/resumen-comunicados\/\" \/>\n<meta property=\"og:site_name\" content=\"Federaci\u00f3n Nacional de Biocombustibles\" \/>\n<meta property=\"article:modified_time\" content=\"2022-08-29T21:05:04+00:00\" \/>\n<meta property=\"og:image\" content=\"https:\/\/fedebiocombustibles.com\/wp-content\/uploads\/2022\/08\/Carlos-Grateron.jpeg\" \/>\n<meta name=\"twitter:card\" content=\"summary_large_image\" \/>\n<meta name=\"twitter:label1\" content=\"Est. reading time\" \/>\n\t<meta name=\"twitter:data1\" content=\"5 minutes\" \/>\n<script type=\"application\/ld+json\" class=\"yoast-schema-graph\">{\"@context\":\"https:\\\/\\\/schema.org\",\"@graph\":[{\"@type\":\"WebPage\",\"@id\":\"https:\\\/\\\/fedebiocombustibles.com\\\/resumen-comunicados\\\/\",\"url\":\"https:\\\/\\\/fedebiocombustibles.com\\\/resumen-comunicados\\\/\",\"name\":\"Resumen Comunicados - Federaci\u00f3n Nacional de Biocombustibles\",\"isPartOf\":{\"@id\":\"https:\\\/\\\/fedebiocombustibles.com\\\/#website\"},\"primaryImageOfPage\":{\"@id\":\"https:\\\/\\\/fedebiocombustibles.com\\\/resumen-comunicados\\\/#primaryimage\"},\"image\":{\"@id\":\"https:\\\/\\\/fedebiocombustibles.com\\\/resumen-comunicados\\\/#primaryimage\"},\"thumbnailUrl\":\"https:\\\/\\\/fedebiocombustibles.com\\\/wp-content\\\/uploads\\\/2022\\\/08\\\/Carlos-Grateron.jpeg\",\"datePublished\":\"2022-06-07T13:26:05+00:00\",\"dateModified\":\"2022-08-29T21:05:04+00:00\",\"breadcrumb\":{\"@id\":\"https:\\\/\\\/fedebiocombustibles.com\\\/resumen-comunicados\\\/#breadcrumb\"},\"inLanguage\":\"en-US\",\"potentialAction\":[{\"@type\":\"ReadAction\",\"target\":[\"https:\\\/\\\/fedebiocombustibles.com\\\/resumen-comunicados\\\/\"]}]},{\"@type\":\"ImageObject\",\"inLanguage\":\"en-US\",\"@id\":\"https:\\\/\\\/fedebiocombustibles.com\\\/resumen-comunicados\\\/#primaryimage\",\"url\":\"https:\\\/\\\/fedebiocombustibles.com\\\/wp-content\\\/uploads\\\/2022\\\/08\\\/Carlos-Grateron.jpeg\",\"contentUrl\":\"https:\\\/\\\/fedebiocombustibles.com\\\/wp-content\\\/uploads\\\/2022\\\/08\\\/Carlos-Grateron.jpeg\"},{\"@type\":\"BreadcrumbList\",\"@id\":\"https:\\\/\\\/fedebiocombustibles.com\\\/resumen-comunicados\\\/#breadcrumb\",\"itemListElement\":[{\"@type\":\"ListItem\",\"position\":1,\"name\":\"Portada\",\"item\":\"https:\\\/\\\/fedebiocombustibles.com\\\/\"},{\"@type\":\"ListItem\",\"position\":2,\"name\":\"Resumen Comunicados\"}]},{\"@type\":\"WebSite\",\"@id\":\"https:\\\/\\\/fedebiocombustibles.com\\\/#website\",\"url\":\"https:\\\/\\\/fedebiocombustibles.com\\\/\",\"name\":\"Federaci\u00f3n Nacional de Biocombustibles\",\"description\":\"Colombia\",\"potentialAction\":[{\"@type\":\"SearchAction\",\"target\":{\"@type\":\"EntryPoint\",\"urlTemplate\":\"https:\\\/\\\/fedebiocombustibles.com\\\/?s={search_term_string}\"},\"query-input\":{\"@type\":\"PropertyValueSpecification\",\"valueRequired\":true,\"valueName\":\"search_term_string\"}}],\"inLanguage\":\"en-US\"}]}<\/script>\n<!-- \/ Yoast SEO plugin. -->","yoast_head_json":{"title":"Resumen Comunicados - Federaci\u00f3n Nacional de Biocombustibles","robots":{"index":"index","follow":"follow","max-snippet":"max-snippet:-1","max-image-preview":"max-image-preview:large","max-video-preview":"max-video-preview:-1"},"canonical":"https:\/\/fedebiocombustibles.com\/en\/resumen-comunicados\/","og_locale":"en_US","og_type":"article","og_title":"Resumen Comunicados - Federaci\u00f3n Nacional de Biocombustibles","og_description":"COMUNICADOS Demanda de biocombustibles en Colombia cierra el primer semestre de 2022 en positivo AGOSTO 29 2022 La Federaci\u00f3n Nacional de Biocombustibles de Colombia (Fedebiocombustibles) present\u00f3 un balance positivo en lo que se refiere a la demanda de biodi\u00e9sel y bioetanol en los primeros seis meses del 2022. De acuerdo con su m\u00e1s reciente informe","og_url":"https:\/\/fedebiocombustibles.com\/en\/resumen-comunicados\/","og_site_name":"Federaci\u00f3n Nacional de Biocombustibles","article_modified_time":"2022-08-29T21:05:04+00:00","og_image":[{"url":"https:\/\/fedebiocombustibles.com\/wp-content\/uploads\/2022\/08\/Carlos-Grateron.jpeg","type":"","width":"","height":""}],"twitter_card":"summary_large_image","twitter_misc":{"Est. reading time":"5 minutes"},"schema":{"@context":"https:\/\/schema.org","@graph":[{"@type":"WebPage","@id":"https:\/\/fedebiocombustibles.com\/resumen-comunicados\/","url":"https:\/\/fedebiocombustibles.com\/resumen-comunicados\/","name":"Resumen Comunicados - Federaci\u00f3n Nacional de Biocombustibles","isPartOf":{"@id":"https:\/\/fedebiocombustibles.com\/#website"},"primaryImageOfPage":{"@id":"https:\/\/fedebiocombustibles.com\/resumen-comunicados\/#primaryimage"},"image":{"@id":"https:\/\/fedebiocombustibles.com\/resumen-comunicados\/#primaryimage"},"thumbnailUrl":"https:\/\/fedebiocombustibles.com\/wp-content\/uploads\/2022\/08\/Carlos-Grateron.jpeg","datePublished":"2022-06-07T13:26:05+00:00","dateModified":"2022-08-29T21:05:04+00:00","breadcrumb":{"@id":"https:\/\/fedebiocombustibles.com\/resumen-comunicados\/#breadcrumb"},"inLanguage":"en-US","potentialAction":[{"@type":"ReadAction","target":["https:\/\/fedebiocombustibles.com\/resumen-comunicados\/"]}]},{"@type":"ImageObject","inLanguage":"en-US","@id":"https:\/\/fedebiocombustibles.com\/resumen-comunicados\/#primaryimage","url":"https:\/\/fedebiocombustibles.com\/wp-content\/uploads\/2022\/08\/Carlos-Grateron.jpeg","contentUrl":"https:\/\/fedebiocombustibles.com\/wp-content\/uploads\/2022\/08\/Carlos-Grateron.jpeg"},{"@type":"BreadcrumbList","@id":"https:\/\/fedebiocombustibles.com\/resumen-comunicados\/#breadcrumb","itemListElement":[{"@type":"ListItem","position":1,"name":"Portada","item":"https:\/\/fedebiocombustibles.com\/"},{"@type":"ListItem","position":2,"name":"Resumen Comunicados"}]},{"@type":"WebSite","@id":"https:\/\/fedebiocombustibles.com\/#website","url":"https:\/\/fedebiocombustibles.com\/","name":"Federaci\u00f3n Nacional de Biocombustibles","description":"Colombia","potentialAction":[{"@type":"SearchAction","target":{"@type":"EntryPoint","urlTemplate":"https:\/\/fedebiocombustibles.com\/?s={search_term_string}"},"query-input":{"@type":"PropertyValueSpecification","valueRequired":true,"valueName":"search_term_string"}}],"inLanguage":"en-US"}]}},"_links":{"self":[{"href":"https:\/\/fedebiocombustibles.com\/en\/wp-json\/wp\/v2\/pages\/2981","targetHints":{"allow":["GET"]}}],"collection":[{"href":"https:\/\/fedebiocombustibles.com\/en\/wp-json\/wp\/v2\/pages"}],"about":[{"href":"https:\/\/fedebiocombustibles.com\/en\/wp-json\/wp\/v2\/types\/page"}],"author":[{"embeddable":true,"href":"https:\/\/fedebiocombustibles.com\/en\/wp-json\/wp\/v2\/users\/5"}],"replies":[{"embeddable":true,"href":"https:\/\/fedebiocombustibles.com\/en\/wp-json\/wp\/v2\/comments?post=2981"}],"version-history":[{"count":9,"href":"https:\/\/fedebiocombustibles.com\/en\/wp-json\/wp\/v2\/pages\/2981\/revisions"}],"predecessor-version":[{"id":3441,"href":"https:\/\/fedebiocombustibles.com\/en\/wp-json\/wp\/v2\/pages\/2981\/revisions\/3441"}],"wp:attachment":[{"href":"https:\/\/fedebiocombustibles.com\/en\/wp-json\/wp\/v2\/media?parent=2981"}],"curies":[{"name":"wp","href":"https:\/\/api.w.org\/{rel}","templated":true}]}}