{"id":1032,"date":"2022-01-16T20:13:23","date_gmt":"2022-01-16T20:13:23","guid":{"rendered":"https:\/\/fedebiocombustibles.com\/?page_id=1032"},"modified":"2022-09-07T15:55:59","modified_gmt":"2022-09-07T15:55:59","slug":"noticias-economia","status":"publish","type":"page","link":"https:\/\/fedebiocombustibles.com\/en\/noticias-economia\/","title":{"rendered":"Noticias-Econom\u00eda"},"content":{"rendered":"<div data-elementor-type=\"wp-page\" data-elementor-id=\"1032\" class=\"elementor elementor-1032\" data-elementor-post-type=\"page\">\n\t\t\t\t\t\t<section class=\"elementor-section elementor-top-section elementor-element elementor-element-df9d5b5 elementor-section-full_width elementor-section-height-default elementor-section-height-default\" data-id=\"df9d5b5\" data-element_type=\"section\" data-e-type=\"section\">\n\t\t\t\t\t\t<div class=\"elementor-container elementor-column-gap-default\">\n\t\t\t\t\t<div class=\"elementor-column elementor-col-20 elementor-top-column elementor-element elementor-element-9d8f60b\" data-id=\"9d8f60b\" data-element_type=\"column\" data-e-type=\"column\">\n\t\t\t<div class=\"elementor-widget-wrap\">\n\t\t\t\t\t\t\t<\/div>\n\t\t<\/div>\n\t\t\t\t<div class=\"elementor-column elementor-col-20 elementor-top-column elementor-element elementor-element-33d3a8e\" data-id=\"33d3a8e\" data-element_type=\"column\" data-e-type=\"column\">\n\t\t\t<div class=\"elementor-widget-wrap elementor-element-populated\">\n\t\t\t\t\t\t<div class=\"elementor-element elementor-element-e48170a elementor-widget elementor-widget-image\" data-id=\"e48170a\" data-element_type=\"widget\" data-e-type=\"widget\" data-widget_type=\"image.default\">\n\t\t\t\t<div class=\"elementor-widget-container\">\n\t\t\t\t\t\t\t\t\t\t\t\t\t\t\t<img fetchpriority=\"high\" decoding=\"async\" width=\"871\" height=\"568\" src=\"https:\/\/fedebiocombustibles.com\/wp-content\/uploads\/2022\/09\/Captura-de-pantalla-2022-09-02-141503.png\" class=\"elementor-animation-grow attachment-full size-full wp-image-3494\" alt=\"\" srcset=\"https:\/\/fedebiocombustibles.com\/wp-content\/uploads\/2022\/09\/Captura-de-pantalla-2022-09-02-141503.png 871w, https:\/\/fedebiocombustibles.com\/wp-content\/uploads\/2022\/09\/Captura-de-pantalla-2022-09-02-141503-300x196.png 300w, https:\/\/fedebiocombustibles.com\/wp-content\/uploads\/2022\/09\/Captura-de-pantalla-2022-09-02-141503-768x501.png 768w\" sizes=\"(max-width: 871px) 100vw, 871px\" \/>\t\t\t\t\t\t\t\t\t\t\t\t\t\t\t<\/div>\n\t\t\t\t<\/div>\n\t\t\t\t<div class=\"elementor-element elementor-element-1275976 elementor-widget elementor-widget-heading\" data-id=\"1275976\" data-element_type=\"widget\" data-e-type=\"widget\" data-widget_type=\"heading.default\">\n\t\t\t\t<div class=\"elementor-widget-container\">\n\t\t\t\t\t<h2 class=\"elementor-heading-title elementor-size-default\">ECONOM\u00cdA<\/h2>\t\t\t\t<\/div>\n\t\t\t\t<\/div>\n\t\t\t\t<div class=\"elementor-element elementor-element-3c40051 elementor-widget elementor-widget-heading\" data-id=\"3c40051\" data-element_type=\"widget\" data-e-type=\"widget\" data-widget_type=\"heading.default\">\n\t\t\t\t<div class=\"elementor-widget-container\">\n\t\t\t\t\t<h2 class=\"elementor-heading-title elementor-size-default\">Boeing y Alder Fuel se asocian para ampliar la producci\u00f3n de SAF<\/h2>\t\t\t\t<\/div>\n\t\t\t\t<\/div>\n\t\t\t\t<div class=\"elementor-element elementor-element-0d2c27b elementor-widget elementor-widget-text-editor\" data-id=\"0d2c27b\" data-element_type=\"widget\" data-e-type=\"widget\" data-widget_type=\"text-editor.default\">\n\t\t\t\t<div class=\"elementor-widget-container\">\n\t\t\t\t\t\t\t\t\t<p><strong>Septiembre 02 2022<\/strong><\/p><p>Boeing y Alder Fuels han anunciado una nueva asociaci\u00f3n para ampliar la producci\u00f3n de combustible de aviaci\u00f3n sostenible (SAF). Las empresas probar\u00e1n y calificar\u00e1n el SAF derivado de Alder, promover\u00e1n pol\u00edticas para acelerar la transici\u00f3n a la energ\u00eda renovable en la aviaci\u00f3n y aumentar\u00e1n la cantidad de SAF para el mercado aeroespacial mundial. La tecnolog\u00eda patentada de Alder Fuels permite\u2026<\/p><p><a href=\"https:\/\/fedebiocombustibles.com\/en\/2022\/09\/02\/boeing-y-alder-fuel-se-asocian-para-ampliar-la-produccion-de-saf\/\">LEER M\u00c1S<\/a><\/p>\t\t\t\t\t\t\t\t<\/div>\n\t\t\t\t<\/div>\n\t\t\t\t<div class=\"elementor-element elementor-element-68a4404 elementor-widget elementor-widget-spacer\" data-id=\"68a4404\" data-element_type=\"widget\" data-e-type=\"widget\" data-widget_type=\"spacer.default\">\n\t\t\t\t<div class=\"elementor-widget-container\">\n\t\t\t\t\t\t\t<div class=\"elementor-spacer\">\n\t\t\t<div class=\"elementor-spacer-inner\"><\/div>\n\t\t<\/div>\n\t\t\t\t\t\t<\/div>\n\t\t\t\t<\/div>\n\t\t\t\t<div class=\"elementor-element elementor-element-4a1907c elementor-widget elementor-widget-image\" data-id=\"4a1907c\" data-element_type=\"widget\" data-e-type=\"widget\" data-widget_type=\"image.default\">\n\t\t\t\t<div class=\"elementor-widget-container\">\n\t\t\t\t\t\t\t\t\t\t\t\t\t\t\t<img decoding=\"async\" width=\"1024\" height=\"576\" src=\"https:\/\/fedebiocombustibles.com\/wp-content\/uploads\/2022\/08\/Alternativas-participar-1024x576-1.jpg\" class=\"elementor-animation-grow attachment-full size-full wp-image-3442\" alt=\"\" srcset=\"https:\/\/fedebiocombustibles.com\/wp-content\/uploads\/2022\/08\/Alternativas-participar-1024x576-1.jpg 1024w, https:\/\/fedebiocombustibles.com\/wp-content\/uploads\/2022\/08\/Alternativas-participar-1024x576-1-300x169.jpg 300w, https:\/\/fedebiocombustibles.com\/wp-content\/uploads\/2022\/08\/Alternativas-participar-1024x576-1-768x432.jpg 768w\" sizes=\"(max-width: 1024px) 100vw, 1024px\" \/>\t\t\t\t\t\t\t\t\t\t\t\t\t\t\t<\/div>\n\t\t\t\t<\/div>\n\t\t\t\t<div class=\"elementor-element elementor-element-3d232e8 elementor-widget elementor-widget-heading\" data-id=\"3d232e8\" data-element_type=\"widget\" data-e-type=\"widget\" data-widget_type=\"heading.default\">\n\t\t\t\t<div class=\"elementor-widget-container\">\n\t\t\t\t\t<h2 class=\"elementor-heading-title elementor-size-default\">ECONOM\u00cdA<\/h2>\t\t\t\t<\/div>\n\t\t\t\t<\/div>\n\t\t\t\t<div class=\"elementor-element elementor-element-6617662 elementor-widget elementor-widget-heading\" data-id=\"6617662\" data-element_type=\"widget\" data-e-type=\"widget\" data-widget_type=\"heading.default\">\n\t\t\t\t<div class=\"elementor-widget-container\">\n\t\t\t\t\t<h2 class=\"elementor-heading-title elementor-size-default\">\u201cVarias alternativas deben participar dentro del proceso de transici\u00f3n energ\u00e9tica\u201d: Fedebiocombustibles<\/h2>\t\t\t\t<\/div>\n\t\t\t\t<\/div>\n\t\t\t\t<div class=\"elementor-element elementor-element-78fe8a4 elementor-widget elementor-widget-text-editor\" data-id=\"78fe8a4\" data-element_type=\"widget\" data-e-type=\"widget\" data-widget_type=\"text-editor.default\">\n\t\t\t\t<div class=\"elementor-widget-container\">\n\t\t\t\t\t\t\t\t\t<p><strong>Enero 3 2022<\/strong><\/p><p>El director jur\u00eddico de la Federaci\u00f3n Nacional de Biocombustibles, Carlos Mateus, habl\u00f3 con SEMANA acerca del mercado de biocombustibles en Colombia y el potencial que este tiene en el pa\u00eds.<\/p><p><a href=\"https:\/\/fedebiocombustibles.com\/en\/2022\/01\/03\/varias-alternativas-deben-participar-dentro-del-proceso-de-transicion-energetica-fedebiocombustibles\/\">LEER M\u00c1S<\/a><\/p>\t\t\t\t\t\t\t\t<\/div>\n\t\t\t\t<\/div>\n\t\t\t\t<div class=\"elementor-element elementor-element-a76005a elementor-widget elementor-widget-spacer\" data-id=\"a76005a\" data-element_type=\"widget\" data-e-type=\"widget\" data-widget_type=\"spacer.default\">\n\t\t\t\t<div class=\"elementor-widget-container\">\n\t\t\t\t\t\t\t<div class=\"elementor-spacer\">\n\t\t\t<div class=\"elementor-spacer-inner\"><\/div>\n\t\t<\/div>\n\t\t\t\t\t\t<\/div>\n\t\t\t\t<\/div>\n\t\t\t\t<div class=\"elementor-element elementor-element-b76bbcc elementor-widget elementor-widget-image\" data-id=\"b76bbcc\" data-element_type=\"widget\" data-e-type=\"widget\" data-widget_type=\"image.default\">\n\t\t\t\t<div class=\"elementor-widget-container\">\n\t\t\t\t\t\t\t\t\t\t\t\t\t\t\t<img decoding=\"async\" width=\"2560\" height=\"1920\" src=\"https:\/\/fedebiocombustibles.com\/wp-content\/uploads\/2022\/01\/Ecodiesel-Utilidad-scaled.jpg\" class=\"elementor-animation-grow attachment-full size-full wp-image-740\" alt=\"\" srcset=\"https:\/\/fedebiocombustibles.com\/wp-content\/uploads\/2022\/01\/Ecodiesel-Utilidad-scaled.jpg 2560w, https:\/\/fedebiocombustibles.com\/wp-content\/uploads\/2022\/01\/Ecodiesel-Utilidad-300x225.jpg 300w, https:\/\/fedebiocombustibles.com\/wp-content\/uploads\/2022\/01\/Ecodiesel-Utilidad-1024x768.jpg 1024w, https:\/\/fedebiocombustibles.com\/wp-content\/uploads\/2022\/01\/Ecodiesel-Utilidad-768x576.jpg 768w, https:\/\/fedebiocombustibles.com\/wp-content\/uploads\/2022\/01\/Ecodiesel-Utilidad-1536x1152.jpg 1536w, https:\/\/fedebiocombustibles.com\/wp-content\/uploads\/2022\/01\/Ecodiesel-Utilidad-2048x1536.jpg 2048w\" sizes=\"(max-width: 2560px) 100vw, 2560px\" \/>\t\t\t\t\t\t\t\t\t\t\t\t\t\t\t<\/div>\n\t\t\t\t<\/div>\n\t\t\t\t<div class=\"elementor-element elementor-element-066f51b elementor-widget elementor-widget-heading\" data-id=\"066f51b\" data-element_type=\"widget\" data-e-type=\"widget\" data-widget_type=\"heading.default\">\n\t\t\t\t<div class=\"elementor-widget-container\">\n\t\t\t\t\t<h2 class=\"elementor-heading-title elementor-size-default\">ECONOM\u00cdA<\/h2>\t\t\t\t<\/div>\n\t\t\t\t<\/div>\n\t\t\t\t<div class=\"elementor-element elementor-element-57483fc elementor-widget elementor-widget-heading\" data-id=\"57483fc\" data-element_type=\"widget\" data-e-type=\"widget\" data-widget_type=\"heading.default\">\n\t\t\t\t<div class=\"elementor-widget-container\">\n\t\t\t\t\t<h2 class=\"elementor-heading-title elementor-size-default\">Ecodiesel espera una utilidad neta cercana a los $50.000 millones para 2021<\/h2>\t\t\t\t<\/div>\n\t\t\t\t<\/div>\n\t\t\t\t<div class=\"elementor-element elementor-element-812477a elementor-widget elementor-widget-text-editor\" data-id=\"812477a\" data-element_type=\"widget\" data-e-type=\"widget\" data-widget_type=\"text-editor.default\">\n\t\t\t\t<div class=\"elementor-widget-container\">\n\t\t\t\t\t\t\t\t\t<p><strong>Enero 3 2022<\/strong><\/p><p>El director comercial de Biodiesel, \u00d3scar Fandi\u00f1o, asegur\u00f3 este martes, en di\u00e1logo con SEMANA, que para 2021 la compa\u00f1\u00eda espera un incremento del 5 % en las cantidades de producto comercializadas. As\u00ed mismo, en la empresa estiman unos ingresos cercanos a los $600.000 millones, y una utilidad cercana a los $50.000 millones durante el a\u00f1o actual.<\/p><p><a href=\"https:\/\/fedebiocombustibles.com\/en\/2022\/01\/03\/ecodiesel-espera-una-utilidad-neta-cercana-a-los-50-000-millones-para-2021\/\">LEER M\u00c1S<\/a><\/p>\t\t\t\t\t\t\t\t<\/div>\n\t\t\t\t<\/div>\n\t\t\t\t<div class=\"elementor-element elementor-element-f830c85 elementor-widget elementor-widget-spacer\" data-id=\"f830c85\" data-element_type=\"widget\" data-e-type=\"widget\" data-widget_type=\"spacer.default\">\n\t\t\t\t<div class=\"elementor-widget-container\">\n\t\t\t\t\t\t\t<div class=\"elementor-spacer\">\n\t\t\t<div class=\"elementor-spacer-inner\"><\/div>\n\t\t<\/div>\n\t\t\t\t\t\t<\/div>\n\t\t\t\t<\/div>\n\t\t\t\t<div class=\"elementor-element elementor-element-790a920 elementor-widget elementor-widget-image\" data-id=\"790a920\" data-element_type=\"widget\" data-e-type=\"widget\" data-widget_type=\"image.default\">\n\t\t\t\t<div class=\"elementor-widget-container\">\n\t\t\t\t\t\t\t\t\t\t\t\t\t\t\t<img loading=\"lazy\" decoding=\"async\" width=\"720\" height=\"478\" src=\"https:\/\/fedebiocombustibles.com\/wp-content\/uploads\/2022\/01\/EL_FRENTE_02021012013017017019_COMBUSTIBLES.jpg\" class=\"elementor-animation-grow attachment-full size-full wp-image-715\" alt=\"\" srcset=\"https:\/\/fedebiocombustibles.com\/wp-content\/uploads\/2022\/01\/EL_FRENTE_02021012013017017019_COMBUSTIBLES.jpg 720w, https:\/\/fedebiocombustibles.com\/wp-content\/uploads\/2022\/01\/EL_FRENTE_02021012013017017019_COMBUSTIBLES-300x199.jpg 300w, https:\/\/fedebiocombustibles.com\/wp-content\/uploads\/2022\/01\/EL_FRENTE_02021012013017017019_COMBUSTIBLES-270x180.jpg 270w, https:\/\/fedebiocombustibles.com\/wp-content\/uploads\/2022\/01\/EL_FRENTE_02021012013017017019_COMBUSTIBLES-370x245.jpg 370w\" sizes=\"(max-width: 720px) 100vw, 720px\" \/>\t\t\t\t\t\t\t\t\t\t\t\t\t\t\t<\/div>\n\t\t\t\t<\/div>\n\t\t\t\t<div class=\"elementor-element elementor-element-00c3050 elementor-widget elementor-widget-heading\" data-id=\"00c3050\" data-element_type=\"widget\" data-e-type=\"widget\" data-widget_type=\"heading.default\">\n\t\t\t\t<div class=\"elementor-widget-container\">\n\t\t\t\t\t<h2 class=\"elementor-heading-title elementor-size-default\">ECONOM\u00cdA<\/h2>\t\t\t\t<\/div>\n\t\t\t\t<\/div>\n\t\t\t\t<div class=\"elementor-element elementor-element-757dfc1 elementor-widget elementor-widget-heading\" data-id=\"757dfc1\" data-element_type=\"widget\" data-e-type=\"widget\" data-widget_type=\"heading.default\">\n\t\t\t\t<div class=\"elementor-widget-container\">\n\t\t\t\t\t<h2 class=\"elementor-heading-title elementor-size-default\">Generar 49 mil nuevos empleos en 12 a\u00f1os el reto del sector de los biocombustibles<\/h2>\t\t\t\t<\/div>\n\t\t\t\t<\/div>\n\t\t\t\t<div class=\"elementor-element elementor-element-5dc7c25 elementor-widget elementor-widget-text-editor\" data-id=\"5dc7c25\" data-element_type=\"widget\" data-e-type=\"widget\" data-widget_type=\"text-editor.default\">\n\t\t\t\t<div class=\"elementor-widget-container\">\n\t\t\t\t\t\t\t\t\t<p><strong>Enero 3 2022<\/strong><\/p><p>De acuerdo con la consultora Econometr\u00eda, los biocombustibles podr\u00edan llegar a crear 49 mil empleos para la reactivaci\u00f3n econ\u00f3mica, en los pr\u00f3ximos 12 a\u00f1os. Esta industria actualmente aporta un 3,4 % del PIB agr\u00edcola en el pa\u00eds y genera 90 mil empleos principalmente en el campo colombiano.<\/p><p><a href=\"https:\/\/fedebiocombustibles.com\/en\/2022\/01\/03\/generar-49-mil-nuevos-empleos-en-12-anos-el-reto-del-sector-de-los-biocombustibles\/\">LEER M\u00c1S<\/a><\/p>\t\t\t\t\t\t\t\t<\/div>\n\t\t\t\t<\/div>\n\t\t\t\t\t<\/div>\n\t\t<\/div>\n\t\t\t\t<div class=\"elementor-column elementor-col-20 elementor-top-column elementor-element elementor-element-488b44c\" data-id=\"488b44c\" data-element_type=\"column\" data-e-type=\"column\">\n\t\t\t<div class=\"elementor-widget-wrap\">\n\t\t\t\t\t\t\t<\/div>\n\t\t<\/div>\n\t\t\t\t<div class=\"elementor-column elementor-col-20 elementor-top-column elementor-element elementor-element-705642c\" data-id=\"705642c\" data-element_type=\"column\" data-e-type=\"column\">\n\t\t\t<div class=\"elementor-widget-wrap elementor-element-populated\">\n\t\t\t\t\t\t<section class=\"elementor-section elementor-inner-section elementor-element elementor-element-274aac3 elementor-section-full_width elementor-section-height-default elementor-section-height-default\" data-id=\"274aac3\" data-element_type=\"section\" data-e-type=\"section\">\n\t\t\t\t\t\t<div class=\"elementor-container elementor-column-gap-default\">\n\t\t\t\t\t<div class=\"elementor-column elementor-col-100 elementor-inner-column elementor-element elementor-element-2c77b4f\" data-id=\"2c77b4f\" data-element_type=\"column\" data-e-type=\"column\" data-settings=\"{&quot;background_background&quot;:&quot;classic&quot;}\">\n\t\t\t<div class=\"elementor-widget-wrap elementor-element-populated\">\n\t\t\t\t\t\t<div class=\"elementor-element elementor-element-86f2fb1 elementor-widget elementor-widget-heading\" data-id=\"86f2fb1\" data-element_type=\"widget\" data-e-type=\"widget\" data-widget_type=\"heading.default\">\n\t\t\t\t<div class=\"elementor-widget-container\">\n\t\t\t\t\t<h2 class=\"elementor-heading-title elementor-size-default\">Boletines informativos<\/h2>\t\t\t\t<\/div>\n\t\t\t\t<\/div>\n\t\t\t\t<div class=\"elementor-element elementor-element-72def1b elementor-widget-divider--view-line elementor-widget elementor-widget-divider\" data-id=\"72def1b\" data-element_type=\"widget\" data-e-type=\"widget\" data-widget_type=\"divider.default\">\n\t\t\t\t<div class=\"elementor-widget-container\">\n\t\t\t\t\t\t\t<div class=\"elementor-divider\">\n\t\t\t<span class=\"elementor-divider-separator\">\n\t\t\t\t\t\t<\/span>\n\t\t<\/div>\n\t\t\t\t\t\t<\/div>\n\t\t\t\t<\/div>\n\t\t\t\t<div class=\"elementor-element elementor-element-37970b8 elementor-widget elementor-widget-text-editor\" data-id=\"37970b8\" data-element_type=\"widget\" data-e-type=\"widget\" data-widget_type=\"text-editor.default\">\n\t\t\t\t<div class=\"elementor-widget-container\">\n\t\t\t\t\t\t\t\t\t<p>Registra tus datos para recibir actualizaciones de nuestro bolet\u00edn<\/p>\t\t\t\t\t\t\t\t<\/div>\n\t\t\t\t<\/div>\n\t\t\t\t<div class=\"elementor-element elementor-element-67404e4 eael-contact-form-7-button-full-width elementor-widget elementor-widget-eael-contact-form-7\" data-id=\"67404e4\" data-element_type=\"widget\" data-e-type=\"widget\" data-widget_type=\"eael-contact-form-7.default\">\n\t\t\t\t<div class=\"elementor-widget-container\">\n\t\t\t\t\t<div class=\"eael-contact-form-7-wrapper\">\n                <div class=\"eael-contact-form eael-contact-form-7 eael-contact-form-67404e4 placeholder-show eael-contact-form-align-center\">\n<div class=\"wpcf7 no-js\" id=\"wpcf7-f1047-o1\" lang=\"es-ES\" dir=\"ltr\" data-wpcf7-id=\"1047\">\n<div class=\"screen-reader-response\"><p role=\"status\" aria-live=\"polite\" aria-atomic=\"true\"><\/p> <ul><\/ul><\/div>\n<form action=\"\/en\/wp-json\/wp\/v2\/pages\/1032#wpcf7-f1047-o1\" method=\"post\" class=\"wpcf7-form init\" aria-label=\"Formulario de contacto\" novalidate=\"novalidate\" data-status=\"init\" data-trp-original-action=\"\/en\/wp-json\/wp\/v2\/pages\/1032#wpcf7-f1047-o1\">\n<fieldset class=\"hidden-fields-container\"><input type=\"hidden\" name=\"_wpcf7\" value=\"1047\" \/><input type=\"hidden\" name=\"_wpcf7_version\" value=\"6.1.5\" \/><input type=\"hidden\" name=\"_wpcf7_locale\" value=\"es_ES\" \/><input type=\"hidden\" name=\"_wpcf7_unit_tag\" value=\"wpcf7-f1047-o1\" \/><input type=\"hidden\" name=\"_wpcf7_container_post\" value=\"0\" \/><input type=\"hidden\" name=\"_wpcf7_posted_data_hash\" value=\"\" \/><input type=\"hidden\" name=\"_wpcf7_recaptcha_response\" value=\"\" \/>\n<\/fieldset>\n<h5 style=\"color: #000000; text-align:center;\">Registra tus datos para recibir actualizaciones de nuestro bolet\u00edn\n<\/h5>\n<p><span class=\"wpcf7-form-control-wrap\" data-name=\"nombres\"><input size=\"40\" maxlength=\"400\" class=\"wpcf7-form-control wpcf7-text wpcf7-validates-as-required\" aria-required=\"true\" aria-invalid=\"false\" placeholder=\"Nombre\" value=\"\" type=\"text\" name=\"nombres\" \/><\/span><br \/>\n<span class=\"wpcf7-form-control-wrap\" data-name=\"email-621\"><input size=\"40\" maxlength=\"400\" class=\"wpcf7-form-control wpcf7-email wpcf7-validates-as-required wpcf7-text wpcf7-validates-as-email\" aria-required=\"true\" aria-invalid=\"false\" placeholder=\"Correo electr\u00f3nico\" value=\"\" type=\"email\" name=\"email-621\" \/><\/span>\n<\/p>\n<h6 style=\"color: #000000; text-align:center;\"> Al suscribirse autoriza el tratamiento de sus datos personales que puede consultar en el <a href=\"https:\/\/fedebiocombustibles.com\/wp-content\/uploads\/2022\/10\/DA-MNL-005-MANUAL-DE-POLITICA-DE-TRATAMIENTO-DE-DATOS-PERSONALES-V2.pdf\"> manual de politicas de tratamiento de datos personales <\/a>\n<\/h6>\n<p><input class=\"wpcf7-form-control wpcf7-submit has-spinner\" type=\"submit\" value=\"Suscr\u00edbete\" \/>\n<\/p><div class=\"wpcf7-response-output\" aria-hidden=\"true\"><\/div>\n<input type=\"hidden\" name=\"trp-form-language\" value=\"en\"\/><\/form>\n<\/div>\n<\/div>\n            <\/div>\t\t\t\t<\/div>\n\t\t\t\t<\/div>\n\t\t\t\t\t<\/div>\n\t\t<\/div>\n\t\t\t\t\t<\/div>\n\t\t<\/section>\n\t\t\t\t<div class=\"elementor-element elementor-element-b270a5c elementor-widget elementor-widget-heading\" data-id=\"b270a5c\" data-element_type=\"widget\" data-e-type=\"widget\" data-widget_type=\"heading.default\">\n\t\t\t\t<div class=\"elementor-widget-container\">\n\t\t\t\t\t<h2 class=\"elementor-heading-title elementor-size-default\">\u00daltimos Posts<\/h2>\t\t\t\t<\/div>\n\t\t\t\t<\/div>\n\t\t\t\t<div class=\"elementor-element elementor-element-f4ee064 elementor-widget-divider--view-line elementor-widget elementor-widget-divider\" data-id=\"f4ee064\" data-element_type=\"widget\" data-e-type=\"widget\" data-widget_type=\"divider.default\">\n\t\t\t\t<div class=\"elementor-widget-container\">\n\t\t\t\t\t\t\t<div class=\"elementor-divider\">\n\t\t\t<span class=\"elementor-divider-separator\">\n\t\t\t\t\t\t<\/span>\n\t\t<\/div>\n\t\t\t\t\t\t<\/div>\n\t\t\t\t<\/div>\n\t\t\t\t<section class=\"elementor-section elementor-inner-section elementor-element elementor-element-9049fc3 elementor-section-full_width elementor-section-height-default elementor-section-height-default\" data-id=\"9049fc3\" data-element_type=\"section\" data-e-type=\"section\">\n\t\t\t\t\t\t<div class=\"elementor-container elementor-column-gap-default\">\n\t\t\t\t\t<div class=\"elementor-column elementor-col-50 elementor-inner-column elementor-element elementor-element-ece7304\" data-id=\"ece7304\" data-element_type=\"column\" data-e-type=\"column\">\n\t\t\t<div class=\"elementor-widget-wrap elementor-element-populated\">\n\t\t\t\t\t\t<div class=\"elementor-element elementor-element-32eee69 elementor-widget elementor-widget-image\" data-id=\"32eee69\" data-element_type=\"widget\" data-e-type=\"widget\" data-widget_type=\"image.default\">\n\t\t\t\t<div class=\"elementor-widget-container\">\n\t\t\t\t\t\t\t\t\t\t\t\t\t\t\t\t<a href=\"https:\/\/fedebiocombustibles.com\/en\/2022\/08\/29\/la-demanda-del-biodiesel-en-el-pais-cerro-con-aumento-del-13-y-la-de-bioetanol-con-9\/\">\n\t\t\t\t\t\t\t<img loading=\"lazy\" decoding=\"async\" width=\"770\" height=\"578\" src=\"https:\/\/fedebiocombustibles.com\/wp-content\/uploads\/2022\/08\/Carlos-Grateron-1024x768.jpeg\" class=\"elementor-animation-pop attachment-large size-large wp-image-3376\" alt=\"\" srcset=\"https:\/\/fedebiocombustibles.com\/wp-content\/uploads\/2022\/08\/Carlos-Grateron-1024x768.jpeg 1024w, https:\/\/fedebiocombustibles.com\/wp-content\/uploads\/2022\/08\/Carlos-Grateron-300x225.jpeg 300w, https:\/\/fedebiocombustibles.com\/wp-content\/uploads\/2022\/08\/Carlos-Grateron-768x576.jpeg 768w, https:\/\/fedebiocombustibles.com\/wp-content\/uploads\/2022\/08\/Carlos-Grateron-1536x1152.jpeg 1536w, https:\/\/fedebiocombustibles.com\/wp-content\/uploads\/2022\/08\/Carlos-Grateron.jpeg 1600w\" sizes=\"(max-width: 770px) 100vw, 770px\" \/>\t\t\t\t\t\t\t\t<\/a>\n\t\t\t\t\t\t\t\t\t\t\t\t\t\t\t<\/div>\n\t\t\t\t<\/div>\n\t\t\t\t\t<\/div>\n\t\t<\/div>\n\t\t\t\t<div class=\"elementor-column elementor-col-50 elementor-inner-column elementor-element elementor-element-b4ecc0d\" data-id=\"b4ecc0d\" data-element_type=\"column\" data-e-type=\"column\">\n\t\t\t<div class=\"elementor-widget-wrap elementor-element-populated\">\n\t\t\t\t\t\t<div class=\"elementor-element elementor-element-551349a elementor-widget elementor-widget-heading\" data-id=\"551349a\" data-element_type=\"widget\" data-e-type=\"widget\" data-widget_type=\"heading.default\">\n\t\t\t\t<div class=\"elementor-widget-container\">\n\t\t\t\t\t<h2 class=\"elementor-heading-title elementor-size-default\"><a href=\"https:\/\/fedebiocombustibles.com\/en\/2022\/08\/29\/la-demanda-del-biodiesel-en-el-pais-cerro-con-aumento-del-13-y-la-de-bioetanol-con-9\/\">Demanda de biocombustibles en Colombia cierra el primer semestre de 2022 en positivo<\/a><\/h2>\t\t\t\t<\/div>\n\t\t\t\t<\/div>\n\t\t\t\t<div class=\"elementor-element elementor-element-7c4aa33 elementor-widget elementor-widget-heading\" data-id=\"7c4aa33\" data-element_type=\"widget\" data-e-type=\"widget\" data-widget_type=\"heading.default\">\n\t\t\t\t<div class=\"elementor-widget-container\">\n\t\t\t\t\t<h2 class=\"elementor-heading-title elementor-size-default\">Agosto 29 2022<\/h2>\t\t\t\t<\/div>\n\t\t\t\t<\/div>\n\t\t\t\t\t<\/div>\n\t\t<\/div>\n\t\t\t\t\t<\/div>\n\t\t<\/section>\n\t\t\t\t<section class=\"elementor-section elementor-inner-section elementor-element elementor-element-408551a elementor-section-full_width elementor-section-height-default elementor-section-height-default\" data-id=\"408551a\" data-element_type=\"section\" data-e-type=\"section\">\n\t\t\t\t\t\t<div class=\"elementor-container elementor-column-gap-default\">\n\t\t\t\t\t<div class=\"elementor-column elementor-col-50 elementor-inner-column elementor-element elementor-element-4fd817c\" data-id=\"4fd817c\" data-element_type=\"column\" data-e-type=\"column\">\n\t\t\t<div class=\"elementor-widget-wrap elementor-element-populated\">\n\t\t\t\t\t\t<div class=\"elementor-element elementor-element-8d415f0 elementor-widget elementor-widget-image\" data-id=\"8d415f0\" data-element_type=\"widget\" data-e-type=\"widget\" data-widget_type=\"image.default\">\n\t\t\t\t<div class=\"elementor-widget-container\">\n\t\t\t\t\t\t\t\t\t\t\t\t\t\t\t\t<a href=\"https:\/\/fedebiocombustibles.com\/en\/2022\/08\/22\/cifras-de-deforestacion-aumentaron-en-colombia\/\">\n\t\t\t\t\t\t\t<img loading=\"lazy\" decoding=\"async\" width=\"770\" height=\"514\" src=\"https:\/\/fedebiocombustibles.com\/wp-content\/uploads\/2022\/08\/deforestation-nota-ambiental-1024x683.jpg\" class=\"elementor-animation-pop attachment-large size-large wp-image-3342\" alt=\"\" srcset=\"https:\/\/fedebiocombustibles.com\/wp-content\/uploads\/2022\/08\/deforestation-nota-ambiental-1024x683.jpg 1024w, https:\/\/fedebiocombustibles.com\/wp-content\/uploads\/2022\/08\/deforestation-nota-ambiental-300x200.jpg 300w, https:\/\/fedebiocombustibles.com\/wp-content\/uploads\/2022\/08\/deforestation-nota-ambiental-768x512.jpg 768w, https:\/\/fedebiocombustibles.com\/wp-content\/uploads\/2022\/08\/deforestation-nota-ambiental-1536x1025.jpg 1536w, https:\/\/fedebiocombustibles.com\/wp-content\/uploads\/2022\/08\/deforestation-nota-ambiental-270x180.jpg 270w, https:\/\/fedebiocombustibles.com\/wp-content\/uploads\/2022\/08\/deforestation-nota-ambiental-770x515.jpg 770w\" sizes=\"(max-width: 770px) 100vw, 770px\" \/>\t\t\t\t\t\t\t\t<\/a>\n\t\t\t\t\t\t\t\t\t\t\t\t\t\t\t<\/div>\n\t\t\t\t<\/div>\n\t\t\t\t\t<\/div>\n\t\t<\/div>\n\t\t\t\t<div class=\"elementor-column elementor-col-50 elementor-inner-column elementor-element elementor-element-fc15307\" data-id=\"fc15307\" data-element_type=\"column\" data-e-type=\"column\">\n\t\t\t<div class=\"elementor-widget-wrap elementor-element-populated\">\n\t\t\t\t\t\t<div class=\"elementor-element elementor-element-83e48de elementor-widget elementor-widget-heading\" data-id=\"83e48de\" data-element_type=\"widget\" data-e-type=\"widget\" data-widget_type=\"heading.default\">\n\t\t\t\t<div class=\"elementor-widget-container\">\n\t\t\t\t\t<h2 class=\"elementor-heading-title elementor-size-default\"><a href=\"https:\/\/fedebiocombustibles.com\/en\/2022\/08\/22\/cifras-de-deforestacion-aumentaron-en-colombia\/\">Las cifras de deforestaci\u00f3n aumentaron un 1,5%, en comparaci\u00f3n con el a\u00f1o 2020 en Colombia<\/a><\/h2>\t\t\t\t<\/div>\n\t\t\t\t<\/div>\n\t\t\t\t<div class=\"elementor-element elementor-element-6095003 elementor-widget elementor-widget-heading\" data-id=\"6095003\" data-element_type=\"widget\" data-e-type=\"widget\" data-widget_type=\"heading.default\">\n\t\t\t\t<div class=\"elementor-widget-container\">\n\t\t\t\t\t<h2 class=\"elementor-heading-title elementor-size-default\">Agosto 22 2022<\/h2>\t\t\t\t<\/div>\n\t\t\t\t<\/div>\n\t\t\t\t\t<\/div>\n\t\t<\/div>\n\t\t\t\t\t<\/div>\n\t\t<\/section>\n\t\t\t\t<section class=\"elementor-section elementor-inner-section elementor-element elementor-element-9655a4f elementor-section-full_width elementor-section-height-default elementor-section-height-default\" data-id=\"9655a4f\" data-element_type=\"section\" data-e-type=\"section\">\n\t\t\t\t\t\t<div class=\"elementor-container elementor-column-gap-default\">\n\t\t\t\t\t<div class=\"elementor-column elementor-col-50 elementor-inner-column elementor-element elementor-element-c22d75b\" data-id=\"c22d75b\" data-element_type=\"column\" data-e-type=\"column\">\n\t\t\t<div class=\"elementor-widget-wrap elementor-element-populated\">\n\t\t\t\t\t\t<div class=\"elementor-element elementor-element-eba7c97 elementor-widget elementor-widget-image\" data-id=\"eba7c97\" data-element_type=\"widget\" data-e-type=\"widget\" data-widget_type=\"image.default\">\n\t\t\t\t<div class=\"elementor-widget-container\">\n\t\t\t\t\t\t\t\t\t\t\t\t\t\t\t\t<a href=\"https:\/\/fedebiocombustibles.com\/en\/2022\/08\/10\/prueban-mezclas-de-biocombustibles\/\">\n\t\t\t\t\t\t\t<img loading=\"lazy\" decoding=\"async\" width=\"770\" height=\"537\" src=\"https:\/\/fedebiocombustibles.com\/wp-content\/uploads\/2022\/08\/imagen-nota-ambiental.png\" class=\"elementor-animation-pop attachment-large size-large wp-image-3296\" alt=\"\" srcset=\"https:\/\/fedebiocombustibles.com\/wp-content\/uploads\/2022\/08\/imagen-nota-ambiental.png 911w, https:\/\/fedebiocombustibles.com\/wp-content\/uploads\/2022\/08\/imagen-nota-ambiental-300x209.png 300w, https:\/\/fedebiocombustibles.com\/wp-content\/uploads\/2022\/08\/imagen-nota-ambiental-768x535.png 768w\" sizes=\"(max-width: 770px) 100vw, 770px\" \/>\t\t\t\t\t\t\t\t<\/a>\n\t\t\t\t\t\t\t\t\t\t\t\t\t\t\t<\/div>\n\t\t\t\t<\/div>\n\t\t\t\t\t<\/div>\n\t\t<\/div>\n\t\t\t\t<div class=\"elementor-column elementor-col-50 elementor-inner-column elementor-element elementor-element-e93b698\" data-id=\"e93b698\" data-element_type=\"column\" data-e-type=\"column\">\n\t\t\t<div class=\"elementor-widget-wrap elementor-element-populated\">\n\t\t\t\t\t\t<div class=\"elementor-element elementor-element-c0ee1d8 elementor-widget elementor-widget-heading\" data-id=\"c0ee1d8\" data-element_type=\"widget\" data-e-type=\"widget\" data-widget_type=\"heading.default\">\n\t\t\t\t<div class=\"elementor-widget-container\">\n\t\t\t\t\t<h2 class=\"elementor-heading-title elementor-size-default\"><a href=\"https:\/\/fedebiocombustibles.com\/en\/2022\/08\/10\/prueban-mezclas-de-biocombustibles\/\">Prueban mezclas de biocombustibles marinos B20 y B30 en Singapur, para reducir las emisiones de gases de efecto invernadero (GEI) del transporte mar\u00edtimo<\/a><\/h2>\t\t\t\t<\/div>\n\t\t\t\t<\/div>\n\t\t\t\t<div class=\"elementor-element elementor-element-a4caa91 elementor-widget elementor-widget-heading\" data-id=\"a4caa91\" data-element_type=\"widget\" data-e-type=\"widget\" data-widget_type=\"heading.default\">\n\t\t\t\t<div class=\"elementor-widget-container\">\n\t\t\t\t\t<h2 class=\"elementor-heading-title elementor-size-default\">Agosto 10 2022<\/h2>\t\t\t\t<\/div>\n\t\t\t\t<\/div>\n\t\t\t\t\t<\/div>\n\t\t<\/div>\n\t\t\t\t\t<\/div>\n\t\t<\/section>\n\t\t\t\t\t<\/div>\n\t\t<\/div>\n\t\t\t\t<div class=\"elementor-column elementor-col-20 elementor-top-column elementor-element elementor-element-dd30596\" data-id=\"dd30596\" data-element_type=\"column\" data-e-type=\"column\">\n\t\t\t<div class=\"elementor-widget-wrap\">\n\t\t\t\t\t\t\t<\/div>\n\t\t<\/div>\n\t\t\t\t\t<\/div>\n\t\t<\/section>\n\t\t\t\t<\/div>","protected":false},"excerpt":{"rendered":"<p>ECONOM\u00cdA Boeing y Alder Fuel se asocian para ampliar la producci\u00f3n de SAF Septiembre 02 2022 Boeing y Alder Fuels han anunciado una nueva asociaci\u00f3n para ampliar la producci\u00f3n de combustible de aviaci\u00f3n sostenible (SAF). Las empresas probar\u00e1n y calificar\u00e1n el SAF derivado de Alder, promover\u00e1n pol\u00edticas para acelerar la transici\u00f3n a la energ\u00eda renovable<\/p>","protected":false},"author":5,"featured_media":0,"parent":0,"menu_order":0,"comment_status":"closed","ping_status":"closed","template":"elementor_canvas","meta":{"_monsterinsights_skip_tracking":false,"_monsterinsights_sitenote_active":false,"_monsterinsights_sitenote_note":"","_monsterinsights_sitenote_category":0,"footnotes":""},"class_list":["post-1032","page","type-page","status-publish"],"yoast_head":"<!-- This site is optimized with the Yoast SEO plugin v27.5 - https:\/\/yoast.com\/product\/yoast-seo-wordpress\/ -->\n<title>Noticias-Econom\u00eda - Federaci\u00f3n Nacional de Biocombustibles<\/title>\n<meta name=\"robots\" content=\"index, follow, max-snippet:-1, max-image-preview:large, max-video-preview:-1\" \/>\n<link rel=\"canonical\" href=\"https:\/\/fedebiocombustibles.com\/en\/noticias-economia\/\" \/>\n<meta property=\"og:locale\" content=\"en_US\" \/>\n<meta property=\"og:type\" content=\"article\" \/>\n<meta property=\"og:title\" content=\"Noticias-Econom\u00eda - Federaci\u00f3n Nacional de Biocombustibles\" \/>\n<meta property=\"og:description\" content=\"ECONOM\u00cdA Boeing y Alder Fuel se asocian para ampliar la producci\u00f3n de SAF Septiembre 02 2022 Boeing y Alder Fuels han anunciado una nueva asociaci\u00f3n para ampliar la producci\u00f3n de combustible de aviaci\u00f3n sostenible (SAF). Las empresas probar\u00e1n y calificar\u00e1n el SAF derivado de Alder, promover\u00e1n pol\u00edticas para acelerar la transici\u00f3n a la energ\u00eda renovable\" \/>\n<meta property=\"og:url\" content=\"https:\/\/fedebiocombustibles.com\/en\/noticias-economia\/\" \/>\n<meta property=\"og:site_name\" content=\"Federaci\u00f3n Nacional de Biocombustibles\" \/>\n<meta property=\"article:modified_time\" content=\"2022-09-07T15:55:59+00:00\" \/>\n<meta property=\"og:image\" content=\"https:\/\/fedebiocombustibles.com\/wp-content\/uploads\/2022\/09\/Captura-de-pantalla-2022-09-02-141503.png\" \/>\n<meta name=\"twitter:card\" content=\"summary_large_image\" \/>\n<meta name=\"twitter:label1\" content=\"Est. reading time\" \/>\n\t<meta name=\"twitter:data1\" content=\"3 minutes\" \/>\n<script type=\"application\/ld+json\" class=\"yoast-schema-graph\">{\"@context\":\"https:\\\/\\\/schema.org\",\"@graph\":[{\"@type\":\"WebPage\",\"@id\":\"https:\\\/\\\/fedebiocombustibles.com\\\/noticias-economia\\\/\",\"url\":\"https:\\\/\\\/fedebiocombustibles.com\\\/noticias-economia\\\/\",\"name\":\"Noticias-Econom\u00eda - Federaci\u00f3n Nacional de Biocombustibles\",\"isPartOf\":{\"@id\":\"https:\\\/\\\/fedebiocombustibles.com\\\/#website\"},\"primaryImageOfPage\":{\"@id\":\"https:\\\/\\\/fedebiocombustibles.com\\\/noticias-economia\\\/#primaryimage\"},\"image\":{\"@id\":\"https:\\\/\\\/fedebiocombustibles.com\\\/noticias-economia\\\/#primaryimage\"},\"thumbnailUrl\":\"https:\\\/\\\/fedebiocombustibles.com\\\/wp-content\\\/uploads\\\/2022\\\/09\\\/Captura-de-pantalla-2022-09-02-141503.png\",\"datePublished\":\"2022-01-16T20:13:23+00:00\",\"dateModified\":\"2022-09-07T15:55:59+00:00\",\"breadcrumb\":{\"@id\":\"https:\\\/\\\/fedebiocombustibles.com\\\/noticias-economia\\\/#breadcrumb\"},\"inLanguage\":\"en-US\",\"potentialAction\":[{\"@type\":\"ReadAction\",\"target\":[\"https:\\\/\\\/fedebiocombustibles.com\\\/noticias-economia\\\/\"]}]},{\"@type\":\"ImageObject\",\"inLanguage\":\"en-US\",\"@id\":\"https:\\\/\\\/fedebiocombustibles.com\\\/noticias-economia\\\/#primaryimage\",\"url\":\"https:\\\/\\\/fedebiocombustibles.com\\\/wp-content\\\/uploads\\\/2022\\\/09\\\/Captura-de-pantalla-2022-09-02-141503.png\",\"contentUrl\":\"https:\\\/\\\/fedebiocombustibles.com\\\/wp-content\\\/uploads\\\/2022\\\/09\\\/Captura-de-pantalla-2022-09-02-141503.png\"},{\"@type\":\"BreadcrumbList\",\"@id\":\"https:\\\/\\\/fedebiocombustibles.com\\\/noticias-economia\\\/#breadcrumb\",\"itemListElement\":[{\"@type\":\"ListItem\",\"position\":1,\"name\":\"Portada\",\"item\":\"https:\\\/\\\/fedebiocombustibles.com\\\/\"},{\"@type\":\"ListItem\",\"position\":2,\"name\":\"Noticias-Econom\u00eda\"}]},{\"@type\":\"WebSite\",\"@id\":\"https:\\\/\\\/fedebiocombustibles.com\\\/#website\",\"url\":\"https:\\\/\\\/fedebiocombustibles.com\\\/\",\"name\":\"Federaci\u00f3n Nacional de Biocombustibles\",\"description\":\"Colombia\",\"potentialAction\":[{\"@type\":\"SearchAction\",\"target\":{\"@type\":\"EntryPoint\",\"urlTemplate\":\"https:\\\/\\\/fedebiocombustibles.com\\\/?s={search_term_string}\"},\"query-input\":{\"@type\":\"PropertyValueSpecification\",\"valueRequired\":true,\"valueName\":\"search_term_string\"}}],\"inLanguage\":\"en-US\"}]}<\/script>\n<!-- \/ Yoast SEO plugin. -->","yoast_head_json":{"title":"Noticias-Econom\u00eda - Federaci\u00f3n Nacional de Biocombustibles","robots":{"index":"index","follow":"follow","max-snippet":"max-snippet:-1","max-image-preview":"max-image-preview:large","max-video-preview":"max-video-preview:-1"},"canonical":"https:\/\/fedebiocombustibles.com\/en\/noticias-economia\/","og_locale":"en_US","og_type":"article","og_title":"Noticias-Econom\u00eda - Federaci\u00f3n Nacional de Biocombustibles","og_description":"ECONOM\u00cdA Boeing y Alder Fuel se asocian para ampliar la producci\u00f3n de SAF Septiembre 02 2022 Boeing y Alder Fuels han anunciado una nueva asociaci\u00f3n para ampliar la producci\u00f3n de combustible de aviaci\u00f3n sostenible (SAF). Las empresas probar\u00e1n y calificar\u00e1n el SAF derivado de Alder, promover\u00e1n pol\u00edticas para acelerar la transici\u00f3n a la energ\u00eda renovable","og_url":"https:\/\/fedebiocombustibles.com\/en\/noticias-economia\/","og_site_name":"Federaci\u00f3n Nacional de Biocombustibles","article_modified_time":"2022-09-07T15:55:59+00:00","og_image":[{"url":"https:\/\/fedebiocombustibles.com\/wp-content\/uploads\/2022\/09\/Captura-de-pantalla-2022-09-02-141503.png","type":"","width":"","height":""}],"twitter_card":"summary_large_image","twitter_misc":{"Est. reading time":"3 minutes"},"schema":{"@context":"https:\/\/schema.org","@graph":[{"@type":"WebPage","@id":"https:\/\/fedebiocombustibles.com\/noticias-economia\/","url":"https:\/\/fedebiocombustibles.com\/noticias-economia\/","name":"Noticias-Econom\u00eda - Federaci\u00f3n Nacional de Biocombustibles","isPartOf":{"@id":"https:\/\/fedebiocombustibles.com\/#website"},"primaryImageOfPage":{"@id":"https:\/\/fedebiocombustibles.com\/noticias-economia\/#primaryimage"},"image":{"@id":"https:\/\/fedebiocombustibles.com\/noticias-economia\/#primaryimage"},"thumbnailUrl":"https:\/\/fedebiocombustibles.com\/wp-content\/uploads\/2022\/09\/Captura-de-pantalla-2022-09-02-141503.png","datePublished":"2022-01-16T20:13:23+00:00","dateModified":"2022-09-07T15:55:59+00:00","breadcrumb":{"@id":"https:\/\/fedebiocombustibles.com\/noticias-economia\/#breadcrumb"},"inLanguage":"en-US","potentialAction":[{"@type":"ReadAction","target":["https:\/\/fedebiocombustibles.com\/noticias-economia\/"]}]},{"@type":"ImageObject","inLanguage":"en-US","@id":"https:\/\/fedebiocombustibles.com\/noticias-economia\/#primaryimage","url":"https:\/\/fedebiocombustibles.com\/wp-content\/uploads\/2022\/09\/Captura-de-pantalla-2022-09-02-141503.png","contentUrl":"https:\/\/fedebiocombustibles.com\/wp-content\/uploads\/2022\/09\/Captura-de-pantalla-2022-09-02-141503.png"},{"@type":"BreadcrumbList","@id":"https:\/\/fedebiocombustibles.com\/noticias-economia\/#breadcrumb","itemListElement":[{"@type":"ListItem","position":1,"name":"Portada","item":"https:\/\/fedebiocombustibles.com\/"},{"@type":"ListItem","position":2,"name":"Noticias-Econom\u00eda"}]},{"@type":"WebSite","@id":"https:\/\/fedebiocombustibles.com\/#website","url":"https:\/\/fedebiocombustibles.com\/","name":"Federaci\u00f3n Nacional de Biocombustibles","description":"Colombia","potentialAction":[{"@type":"SearchAction","target":{"@type":"EntryPoint","urlTemplate":"https:\/\/fedebiocombustibles.com\/?s={search_term_string}"},"query-input":{"@type":"PropertyValueSpecification","valueRequired":true,"valueName":"search_term_string"}}],"inLanguage":"en-US"}]}},"_links":{"self":[{"href":"https:\/\/fedebiocombustibles.com\/en\/wp-json\/wp\/v2\/pages\/1032","targetHints":{"allow":["GET"]}}],"collection":[{"href":"https:\/\/fedebiocombustibles.com\/en\/wp-json\/wp\/v2\/pages"}],"about":[{"href":"https:\/\/fedebiocombustibles.com\/en\/wp-json\/wp\/v2\/types\/page"}],"author":[{"embeddable":true,"href":"https:\/\/fedebiocombustibles.com\/en\/wp-json\/wp\/v2\/users\/5"}],"replies":[{"embeddable":true,"href":"https:\/\/fedebiocombustibles.com\/en\/wp-json\/wp\/v2\/comments?post=1032"}],"version-history":[{"count":79,"href":"https:\/\/fedebiocombustibles.com\/en\/wp-json\/wp\/v2\/pages\/1032\/revisions"}],"predecessor-version":[{"id":3540,"href":"https:\/\/fedebiocombustibles.com\/en\/wp-json\/wp\/v2\/pages\/1032\/revisions\/3540"}],"wp:attachment":[{"href":"https:\/\/fedebiocombustibles.com\/en\/wp-json\/wp\/v2\/media?parent=1032"}],"curies":[{"name":"wp","href":"https:\/\/api.w.org\/{rel}","templated":true}]}}